{"id":278949,"date":"2026-09-02T13:12:57","date_gmt":"2026-09-02T11:12:57","guid":{"rendered":"https:\/\/nueva-acropolis.es\/evento\/tertulia-filosofica-la-odisea-mito-o-realidad\/"},"modified":"2026-09-04T01:13:40","modified_gmt":"2026-09-03T23:13:40","slug":"tertulia-filosofica-la-odisea-mito-o-realidad","status":"publish","type":"tribe_events","link":"https:\/\/nueva-acropolis.es\/gl\/evento\/tertulia-filosofica-la-odisea-mito-o-realidad\/","title":{"rendered":"Tertulia Filos\u00f3fica: La Odisea &#8211; \u00bfMito o Realidad?"},"content":{"rendered":"<div>\u00bfY si la Odisea no fuera solo una historia de monstruos y aventuras, sino el mapa de tu propia vida?<\/div>\n<div style=\"margin-top: 20px\">\n<div style=\"margin: 20px 10px;font-size: 15px;line-height: 22px;font-weight: 400;text-align: left\">\n<p><strong><strong>\u00bfY si la Odisea no fuera solo una historia de monstruos y aventuras, sino el mapa de tu propia vida?<\/strong><\/strong><\/p>\n<p>Hace casi tres mil a\u00f1os, Homero nos regal\u00f3 una de las obras m\u00e1s grandes de la humanidad. Sin embargo, detr\u00e1s de los mares tormentosos, los c\u00edclopes y el canto de las sirenas, se esconde un c\u00f3digo psicol\u00f3gico profundo: la met\u00e1fora de la trayectoria interior que cada ser humano debe recorrer en <em><em>busca de su verdadera identidad espiritual.<\/em><\/em><\/p>\n<p>Te invitamos a nuestra pr\u00f3xima <strong><strong>Tertulia Filos\u00f3fica: La Odisea &#8211; \u00bfMito o Realidad? <\/strong><\/strong><\/p>\n<p>Ven a compartir tus reflexiones en un espacio abierto al di\u00e1logo, la cultura y el crecimiento interior. <\/p>\n<p>\u00a1No necesitas conocimientos previos de filosof\u00eda, solo el deseo de conocerte a ti mismo!<\/p>\n<p>\ud83d\udcc5 \u00bfCu\u00e1ndo?: S\u00e1bado, 26\/09<\/p>\n<p>\u23f0 Hora: 19h00<\/p>\n<p>\ud83d\udccd \u00bfD\u00f3nde?:  Nueva Acr\u00f3polis Madrid-Cuatro Caminos (C\/ L\u00e9rida, 18 Madrid)<\/p>\n<p><strong><strong>\u00a1Te esperamos para emprender juntos este viaje de regreso a casa!<\/strong><\/strong> \u26f5\u2728\ud83d\udcc6 <\/p>\n<\/div>\n<\/div>\n","protected":false},"excerpt":{"rendered":"<p>\u00bfY si la Odisea no fuera solo una historia de monstruos y aventuras, sino el mapa de tu propia vida? \u00bfY si la Odisea no fuera solo una historia de [&hellip;]<\/p>\n","protected":false},"author":44,"featured_media":278952,"template":"","meta":{"site-sidebar-layout":"default","site-content-layout":"","ast-site-content-layout":"default","site-content-style":"default","site-sidebar-style":"default","ast-global-header-display":"","ast-banner-title-visibility":"","ast-main-header-display":"","ast-hfb-above-header-display":"","ast-hfb-below-header-display":"","ast-hfb-mobile-header-display":"","site-post-title":"","ast-breadcrumbs-content":"","ast-featured-img":"","footer-sml-layout":"","ast-disable-related-posts":"","theme-transparent-header-meta":"","adv-header-id-meta":"","stick-header-meta":"","header-above-stick-meta":"","header-main-stick-meta":"","header-below-stick-meta":"","astra-migrate-meta-layouts":"default","ast-page-background-enabled":"default","ast-page-background-meta":{"desktop":{"background-color":"","background-image":"","background-repeat":"repeat","background-position":"center center","background-size":"auto","background-attachment":"scroll","background-type":"","background-media":"","overlay-type":"","overlay-color":"","overlay-opacity":"","overlay-gradient":""},"tablet":{"background-color":"","background-image":"","background-repeat":"repeat","background-position":"center center","background-size":"auto","background-attachment":"scroll","background-type":"","background-media":"","overlay-type":"","overlay-color":"","overlay-opacity":"","overlay-gradient":""},"mobile":{"background-color":"","background-image":"","background-repeat":"repeat","background-position":"center center","background-size":"auto","background-attachment":"scroll","background-type":"","background-media":"","overlay-type":"","overlay-color":"","overlay-opacity":"","overlay-gradient":""}},"ast-content-background-meta":{"desktop":{"background-color":"var(--ast-global-color-5)","background-image":"","background-repeat":"repeat","background-position":"center center","background-size":"auto","background-attachment":"scroll","background-type":"","background-media":"","overlay-type":"","overlay-color":"","overlay-opacity":"","overlay-gradient":""},"tablet":{"background-color":"var(--ast-global-color-5)","background-image":"","background-repeat":"repeat","background-position":"center center","background-size":"auto","background-attachment":"scroll","background-type":"","background-media":"","overlay-type":"","overlay-color":"","overlay-opacity":"","overlay-gradient":""},"mobile":{"background-color":"var(--ast-global-color-5)","background-image":"","background-repeat":"repeat","background-position":"center center","background-size":"auto","background-attachment":"scroll","background-type":"","background-media":"","overlay-type":"","overlay-color":"","overlay-opacity":"","overlay-gradient":""}},"_tribe_events_status":"","_tribe_events_status_reason":"","footnotes":""},"tags":[],"tribe_events_cat":[129],"class_list":["post-278949","tribe_events","type-tribe_events","status-publish","has-post-thumbnail","hentry","tribe_events_cat-madrid-cuatro-caminos","cat_madrid-cuatro-caminos"],"yoast_head":"<!-- This site is optimized with the Yoast SEO plugin v28.4 - https:\/\/yoast.com\/product\/yoast-seo-wordpress\/ -->\n<title>Tertulia Filos\u00f3fica: La Odisea - \u00bfMito o Realidad? - Nova Acr\u00f3pole Espa\u00f1a<\/title>\n<meta name=\"robots\" content=\"index, follow, max-snippet:-1, max-image-preview:large, max-video-preview:-1\" \/>\n<link rel=\"canonical\" href=\"https:\/\/nueva-acropolis.es\/gl\/evento\/tertulia-filosofica-la-odisea-mito-o-realidad\/\" \/>\n<meta property=\"og:locale\" content=\"gl_ES\" \/>\n<meta property=\"og:type\" content=\"article\" \/>\n<meta property=\"og:title\" content=\"Tertulia Filos\u00f3fica: La Odisea - \u00bfMito o Realidad? - Nova Acr\u00f3pole Espa\u00f1a\" \/>\n<meta property=\"og:description\" content=\"\u00bfY si la Odisea no fuera solo una historia de monstruos y aventuras, sino el mapa de tu propia vida? \u00bfY si la Odisea no fuera solo una historia de [&hellip;]\" \/>\n<meta property=\"og:url\" content=\"https:\/\/nueva-acropolis.es\/gl\/evento\/tertulia-filosofica-la-odisea-mito-o-realidad\/\" \/>\n<meta property=\"og:site_name\" content=\"Nova Acr\u00f3pole Espa\u00f1a\" \/>\n<meta property=\"article:publisher\" content=\"https:\/\/www.facebook.com\/NuevaAcropolisEspana\/\" \/>\n<meta property=\"article:modified_time\" content=\"2026-09-03T23:13:40+00:00\" \/>\n<meta property=\"og:image\" content=\"https:\/\/nueva-acropolis.es\/wp-content\/uploads\/2026\/09\/278949_image-scaled.jpg\" \/>\n\t<meta property=\"og:image:width\" content=\"2560\" \/>\n\t<meta property=\"og:image:height\" content=\"1280\" \/>\n\t<meta property=\"og:image:type\" content=\"image\/jpeg\" \/>\n<meta name=\"twitter:card\" content=\"summary_large_image\" \/>\n<meta name=\"twitter:label1\" content=\"Tempo de lectura\" \/>\n\t<meta name=\"twitter:data1\" content=\"1 minuto\" \/>\n<script type=\"application\/ld+json\" class=\"yoast-schema-graph\">{\"@context\":\"https:\\\/\\\/schema.org\",\"@graph\":[{\"@type\":\"WebPage\",\"@id\":\"https:\\\/\\\/nueva-acropolis.es\\\/gl\\\/evento\\\/tertulia-filosofica-la-odisea-mito-o-realidad\\\/\",\"url\":\"https:\\\/\\\/nueva-acropolis.es\\\/gl\\\/evento\\\/tertulia-filosofica-la-odisea-mito-o-realidad\\\/\",\"name\":\"Tertulia Filos\u00f3fica: La Odisea - \u00bfMito o Realidad? - Nova Acr\u00f3pole Espa\u00f1a\",\"isPartOf\":{\"@id\":\"https:\\\/\\\/nueva-acropolis.es\\\/gl\\\/#website\"},\"primaryImageOfPage\":{\"@id\":\"https:\\\/\\\/nueva-acropolis.es\\\/gl\\\/evento\\\/tertulia-filosofica-la-odisea-mito-o-realidad\\\/#primaryimage\"},\"image\":{\"@id\":\"https:\\\/\\\/nueva-acropolis.es\\\/gl\\\/evento\\\/tertulia-filosofica-la-odisea-mito-o-realidad\\\/#primaryimage\"},\"thumbnailUrl\":\"https:\\\/\\\/nueva-acropolis.es\\\/wp-content\\\/uploads\\\/2026\\\/09\\\/278949_image-scaled.jpg\",\"datePublished\":\"2026-09-02T11:12:57+00:00\",\"dateModified\":\"2026-09-03T23:13:40+00:00\",\"breadcrumb\":{\"@id\":\"https:\\\/\\\/nueva-acropolis.es\\\/gl\\\/evento\\\/tertulia-filosofica-la-odisea-mito-o-realidad\\\/#breadcrumb\"},\"inLanguage\":\"gl-ES\",\"potentialAction\":[{\"@type\":\"ReadAction\",\"target\":[\"https:\\\/\\\/nueva-acropolis.es\\\/gl\\\/evento\\\/tertulia-filosofica-la-odisea-mito-o-realidad\\\/\"]}]},{\"@type\":\"ImageObject\",\"inLanguage\":\"gl-ES\",\"@id\":\"https:\\\/\\\/nueva-acropolis.es\\\/gl\\\/evento\\\/tertulia-filosofica-la-odisea-mito-o-realidad\\\/#primaryimage\",\"url\":\"https:\\\/\\\/nueva-acropolis.es\\\/wp-content\\\/uploads\\\/2026\\\/09\\\/278949_image-scaled.jpg\",\"contentUrl\":\"https:\\\/\\\/nueva-acropolis.es\\\/wp-content\\\/uploads\\\/2026\\\/09\\\/278949_image-scaled.jpg\",\"width\":2560,\"height\":1280},{\"@type\":\"BreadcrumbList\",\"@id\":\"https:\\\/\\\/nueva-acropolis.es\\\/gl\\\/evento\\\/tertulia-filosofica-la-odisea-mito-o-realidad\\\/#breadcrumb\",\"itemListElement\":[{\"@type\":\"ListItem\",\"position\":1,\"name\":\"Portada\",\"item\":\"https:\\\/\\\/nueva-acropolis.es\\\/gl\\\/comeza\\\/\"},{\"@type\":\"ListItem\",\"position\":2,\"name\":\"Calendario\",\"item\":\"https:\\\/\\\/nueva-acropolis.es\\\/eventos\\\/\"},{\"@type\":\"ListItem\",\"position\":3,\"name\":\"Tertulia Filos\u00f3fica: La Odisea &#8211; \u00bfMito o Realidad?\"}]},{\"@type\":\"WebSite\",\"@id\":\"https:\\\/\\\/nueva-acropolis.es\\\/gl\\\/#website\",\"url\":\"https:\\\/\\\/nueva-acropolis.es\\\/gl\\\/\",\"name\":\"Nueva Acr\u00f3polis Espa\u00f1a\",\"description\":\"Organizaci\u00f3n Internacional de Filosofia, Cultura y Voluntariado\",\"publisher\":{\"@id\":\"https:\\\/\\\/nueva-acropolis.es\\\/gl\\\/#organization\"},\"potentialAction\":[{\"@type\":\"SearchAction\",\"target\":{\"@type\":\"EntryPoint\",\"urlTemplate\":\"https:\\\/\\\/nueva-acropolis.es\\\/gl\\\/?s={search_term_string}\"},\"query-input\":{\"@type\":\"PropertyValueSpecification\",\"valueRequired\":true,\"valueName\":\"search_term_string\"}}],\"inLanguage\":\"gl-ES\"},{\"@type\":\"Organization\",\"@id\":\"https:\\\/\\\/nueva-acropolis.es\\\/gl\\\/#organization\",\"name\":\"Nueva Acr\u00f3polis Espa\u00f1a\",\"url\":\"https:\\\/\\\/nueva-acropolis.es\\\/gl\\\/\",\"logo\":{\"@type\":\"ImageObject\",\"inLanguage\":\"gl-ES\",\"@id\":\"https:\\\/\\\/nueva-acropolis.es\\\/gl\\\/#\\\/schema\\\/logo\\\/image\\\/\",\"url\":\"https:\\\/\\\/nueva-acropolis.es\\\/wp-content\\\/uploads\\\/2024\\\/07\\\/cropped-Logo-NA-cuadrado.png\",\"contentUrl\":\"https:\\\/\\\/nueva-acropolis.es\\\/wp-content\\\/uploads\\\/2024\\\/07\\\/cropped-Logo-NA-cuadrado.png\",\"width\":512,\"height\":512,\"caption\":\"Nueva Acr\u00f3polis Espa\u00f1a\"},\"image\":{\"@id\":\"https:\\\/\\\/nueva-acropolis.es\\\/gl\\\/#\\\/schema\\\/logo\\\/image\\\/\"},\"sameAs\":[\"https:\\\/\\\/www.facebook.com\\\/NuevaAcropolisEspana\\\/\",\"https:\\\/\\\/www.instagram.com\\\/nuevaacropolisespana\\\/\",\"https:\\\/\\\/www.youtube.com\\\/c\\\/NuevaAcropolisEspaa\"]}]}<\/script>\n<!-- \/ Yoast SEO plugin. -->","yoast_head_json":{"title":"Tertulia Filos\u00f3fica: La Odisea - \u00bfMito o Realidad? - Nova Acr\u00f3pole Espa\u00f1a","robots":{"index":"index","follow":"follow","max-snippet":"max-snippet:-1","max-image-preview":"max-image-preview:large","max-video-preview":"max-video-preview:-1"},"canonical":"https:\/\/nueva-acropolis.es\/gl\/evento\/tertulia-filosofica-la-odisea-mito-o-realidad\/","og_locale":"gl_ES","og_type":"article","og_title":"Tertulia Filos\u00f3fica: La Odisea - \u00bfMito o Realidad? - Nova Acr\u00f3pole Espa\u00f1a","og_description":"\u00bfY si la Odisea no fuera solo una historia de monstruos y aventuras, sino el mapa de tu propia vida? \u00bfY si la Odisea no fuera solo una historia de [&hellip;]","og_url":"https:\/\/nueva-acropolis.es\/gl\/evento\/tertulia-filosofica-la-odisea-mito-o-realidad\/","og_site_name":"Nova Acr\u00f3pole Espa\u00f1a","article_publisher":"https:\/\/www.facebook.com\/NuevaAcropolisEspana\/","article_modified_time":"2026-09-03T23:13:40+00:00","og_image":[{"width":2560,"height":1280,"url":"https:\/\/nueva-acropolis.es\/wp-content\/uploads\/2026\/09\/278949_image-scaled.jpg","type":"image\/jpeg"}],"twitter_card":"summary_large_image","twitter_misc":{"Tempo de lectura":"1 minuto"},"schema":{"@context":"https:\/\/schema.org","@graph":[{"@type":"WebPage","@id":"https:\/\/nueva-acropolis.es\/gl\/evento\/tertulia-filosofica-la-odisea-mito-o-realidad\/","url":"https:\/\/nueva-acropolis.es\/gl\/evento\/tertulia-filosofica-la-odisea-mito-o-realidad\/","name":"Tertulia Filos\u00f3fica: La Odisea - \u00bfMito o Realidad? - Nova Acr\u00f3pole Espa\u00f1a","isPartOf":{"@id":"https:\/\/nueva-acropolis.es\/gl\/#website"},"primaryImageOfPage":{"@id":"https:\/\/nueva-acropolis.es\/gl\/evento\/tertulia-filosofica-la-odisea-mito-o-realidad\/#primaryimage"},"image":{"@id":"https:\/\/nueva-acropolis.es\/gl\/evento\/tertulia-filosofica-la-odisea-mito-o-realidad\/#primaryimage"},"thumbnailUrl":"https:\/\/nueva-acropolis.es\/wp-content\/uploads\/2026\/09\/278949_image-scaled.jpg","datePublished":"2026-09-02T11:12:57+00:00","dateModified":"2026-09-03T23:13:40+00:00","breadcrumb":{"@id":"https:\/\/nueva-acropolis.es\/gl\/evento\/tertulia-filosofica-la-odisea-mito-o-realidad\/#breadcrumb"},"inLanguage":"gl-ES","potentialAction":[{"@type":"ReadAction","target":["https:\/\/nueva-acropolis.es\/gl\/evento\/tertulia-filosofica-la-odisea-mito-o-realidad\/"]}]},{"@type":"ImageObject","inLanguage":"gl-ES","@id":"https:\/\/nueva-acropolis.es\/gl\/evento\/tertulia-filosofica-la-odisea-mito-o-realidad\/#primaryimage","url":"https:\/\/nueva-acropolis.es\/wp-content\/uploads\/2026\/09\/278949_image-scaled.jpg","contentUrl":"https:\/\/nueva-acropolis.es\/wp-content\/uploads\/2026\/09\/278949_image-scaled.jpg","width":2560,"height":1280},{"@type":"BreadcrumbList","@id":"https:\/\/nueva-acropolis.es\/gl\/evento\/tertulia-filosofica-la-odisea-mito-o-realidad\/#breadcrumb","itemListElement":[{"@type":"ListItem","position":1,"name":"Portada","item":"https:\/\/nueva-acropolis.es\/gl\/comeza\/"},{"@type":"ListItem","position":2,"name":"Calendario","item":"https:\/\/nueva-acropolis.es\/eventos\/"},{"@type":"ListItem","position":3,"name":"Tertulia Filos\u00f3fica: La Odisea &#8211; \u00bfMito o Realidad?"}]},{"@type":"WebSite","@id":"https:\/\/nueva-acropolis.es\/gl\/#website","url":"https:\/\/nueva-acropolis.es\/gl\/","name":"Nueva Acr\u00f3polis Espa\u00f1a","description":"Organizaci\u00f3n Internacional de Filosofia, Cultura y Voluntariado","publisher":{"@id":"https:\/\/nueva-acropolis.es\/gl\/#organization"},"potentialAction":[{"@type":"SearchAction","target":{"@type":"EntryPoint","urlTemplate":"https:\/\/nueva-acropolis.es\/gl\/?s={search_term_string}"},"query-input":{"@type":"PropertyValueSpecification","valueRequired":true,"valueName":"search_term_string"}}],"inLanguage":"gl-ES"},{"@type":"Organization","@id":"https:\/\/nueva-acropolis.es\/gl\/#organization","name":"Nueva Acr\u00f3polis Espa\u00f1a","url":"https:\/\/nueva-acropolis.es\/gl\/","logo":{"@type":"ImageObject","inLanguage":"gl-ES","@id":"https:\/\/nueva-acropolis.es\/gl\/#\/schema\/logo\/image\/","url":"https:\/\/nueva-acropolis.es\/wp-content\/uploads\/2024\/07\/cropped-Logo-NA-cuadrado.png","contentUrl":"https:\/\/nueva-acropolis.es\/wp-content\/uploads\/2024\/07\/cropped-Logo-NA-cuadrado.png","width":512,"height":512,"caption":"Nueva Acr\u00f3polis Espa\u00f1a"},"image":{"@id":"https:\/\/nueva-acropolis.es\/gl\/#\/schema\/logo\/image\/"},"sameAs":["https:\/\/www.facebook.com\/NuevaAcropolisEspana\/","https:\/\/www.instagram.com\/nuevaacropolisespana\/","https:\/\/www.youtube.com\/c\/NuevaAcropolisEspaa"]}]}},"_links":{"self":[{"href":"https:\/\/nueva-acropolis.es\/gl\/wp-json\/wp\/v2\/tribe_events\/278949","targetHints":{"allow":["GET"]}}],"collection":[{"href":"https:\/\/nueva-acropolis.es\/gl\/wp-json\/wp\/v2\/tribe_events"}],"about":[{"href":"https:\/\/nueva-acropolis.es\/gl\/wp-json\/wp\/v2\/types\/tribe_events"}],"author":[{"embeddable":true,"href":"https:\/\/nueva-acropolis.es\/gl\/wp-json\/wp\/v2\/users\/44"}],"version-history":[{"count":1,"href":"https:\/\/nueva-acropolis.es\/gl\/wp-json\/wp\/v2\/tribe_events\/278949\/revisions"}],"predecessor-version":[{"id":278963,"href":"https:\/\/nueva-acropolis.es\/gl\/wp-json\/wp\/v2\/tribe_events\/278949\/revisions\/278963"}],"wp:featuredmedia":[{"embeddable":true,"href":"https:\/\/nueva-acropolis.es\/gl\/wp-json\/wp\/v2\/media\/278952"}],"wp:attachment":[{"href":"https:\/\/nueva-acropolis.es\/gl\/wp-json\/wp\/v2\/media?parent=278949"}],"wp:term":[{"taxonomy":"post_tag","embeddable":true,"href":"https:\/\/nueva-acropolis.es\/gl\/wp-json\/wp\/v2\/tags?post=278949"},{"taxonomy":"tribe_events_cat","embeddable":true,"href":"https:\/\/nueva-acropolis.es\/gl\/wp-json\/wp\/v2\/tribe_events_cat?post=278949"}],"curies":[{"name":"wp","href":"https:\/\/api.w.org\/{rel}","templated":true}]}}