{"id":223570,"date":"2026-02-09T09:57:05","date_gmt":"2026-02-09T08:57:05","guid":{"rendered":"https:\/\/nueva-acropolis.es\/evento\/charla-coloquio-hannah-arendt-el-fin-de-la-indiferencia\/"},"modified":"2026-03-13T21:57:13","modified_gmt":"2026-03-13T20:57:13","slug":"charla-coloquio-hannah-arendt-el-fin-de-la-indiferencia","status":"publish","type":"tribe_events","link":"https:\/\/nueva-acropolis.es\/gl\/evento\/charla-coloquio-hannah-arendt-el-fin-de-la-indiferencia\/","title":{"rendered":"Charla-coloquio: &#8220;Hannah Arendt: El fin de la indiferencia&#8221;."},"content":{"rendered":"<div>\u00bfHemos olvidado c\u00f3mo pensar por nosotros mismos?<\/div>\n<div style=\"margin-top: 20px\">\n<div style=\"margin: 20px 10px;font-size: 15px;line-height: 22px;font-weight: 400;text-align: left\">\n<p>Charla-coloquio: &#8220;HANNAH ARENDT: EL F\u00cdN DE LA INDIFERENCIA&#8221;<br \/>viernes 13 de marzo a las 19:30 horas.<br \/>Consigue tu entrada gratuita: <a href=\"https:\/\/bit.ly\/3ZWVNBz?fbclid=IwZXh0bgNhZW0CMTAAYnJpZBExdWdZeHVNNld1Z0NBQnVyaHNydGMGYXBwX2lkEDIyMjAzOTE3ODgyMDA4OTIAAR6rkTnWlhO4Na2iLpvw5A11fS9_xYewMifHViwgofzSR0YE_0E0a985jBCUrA_aem_KBp6s56VZBd6MYBqvuvMUg\" title=\"https:\/\/bit.ly\/3ZWVNBz?fbclid=IwZXh0bgNhZW0CMTAAYnJpZBExdWdZeHVNNld1Z0NBQnVyaHNydGMGYXBwX2lkEDIyMjAzOTE3ODgyMDA4OTIAAR6rkTnWlhO4Na2iLpvw5A11fS9_xYewMifHViwgofzSR0YE_0E0a985jBCUrA_aem_KBp6s56VZBd6MYBqvuvMUg\" target=\"_blank\" data-msys-clicktrack=\"0\" rel=\"nofollow noopener noreferrer\">https:\/\/bit.ly\/3ZWVNBz<\/a><\/p>\n<p>o por whatsapp: 620 972 419\u00bfHemos olvidado c\u00f3mo pensar por nosotros mismos?<\/p>\n<p>En un mundo lleno de ruido, el silencio y la indiferencia pueden ser nuestros mayores enemigos. Hannah Arendt nos ense\u00f1\u00f3 que la libertad no es solo un derecho, sino una pr\u00e1ctica constante que requiere coraje y participaci\u00f3n.Te invitamos a la charla-coloquio: &#8220;Hannah Arendt: El fin de la indiferencia&#8221;. Un espacio para analizar el pensamiento de una de las mentes m\u00e1s brillantes del siglo XX y descubrir por qu\u00e9 su llamado a la &#8220;acci\u00f3n&#8221; es la medicina que nuestra sociedad necesita hoy.<\/p>\n<p>&#8211; Fecha: Viernes 13 de marzo.<\/p>\n<p>&#8211; Lugar: Nueva Acr\u00f3polis Vigo<\/p>\n<p>&#8211; Hora: 19:30 horas<\/p>\n<p>No te quedes al margen. \u00a1Ven a debatir y a despertar el pensamiento cr\u00edtico!<\/p>\n<\/div>\n<\/div>\n","protected":false},"excerpt":{"rendered":"<p>\u00bfHemos olvidado c\u00f3mo pensar por nosotros mismos? Charla-coloquio: &#8220;HANNAH ARENDT: EL F\u00cdN DE LA INDIFERENCIA&#8221;viernes 13 de marzo a las 19:30 horas.Consigue tu entrada gratuita: https:\/\/bit.ly\/3ZWVNBz o por whatsapp: 620 [&hellip;]<\/p>\n","protected":false},"author":25,"featured_media":232128,"template":"","meta":{"site-sidebar-layout":"default","site-content-layout":"","ast-site-content-layout":"default","site-content-style":"default","site-sidebar-style":"default","ast-global-header-display":"","ast-banner-title-visibility":"","ast-main-header-display":"","ast-hfb-above-header-display":"","ast-hfb-below-header-display":"","ast-hfb-mobile-header-display":"","site-post-title":"","ast-breadcrumbs-content":"","ast-featured-img":"","footer-sml-layout":"","ast-disable-related-posts":"","theme-transparent-header-meta":"","adv-header-id-meta":"","stick-header-meta":"","header-above-stick-meta":"","header-main-stick-meta":"","header-below-stick-meta":"","astra-migrate-meta-layouts":"default","ast-page-background-enabled":"default","ast-page-background-meta":{"desktop":{"background-color":"","background-image":"","background-repeat":"repeat","background-position":"center center","background-size":"auto","background-attachment":"scroll","background-type":"","background-media":"","overlay-type":"","overlay-color":"","overlay-opacity":"","overlay-gradient":""},"tablet":{"background-color":"","background-image":"","background-repeat":"repeat","background-position":"center center","background-size":"auto","background-attachment":"scroll","background-type":"","background-media":"","overlay-type":"","overlay-color":"","overlay-opacity":"","overlay-gradient":""},"mobile":{"background-color":"","background-image":"","background-repeat":"repeat","background-position":"center center","background-size":"auto","background-attachment":"scroll","background-type":"","background-media":"","overlay-type":"","overlay-color":"","overlay-opacity":"","overlay-gradient":""}},"ast-content-background-meta":{"desktop":{"background-color":"var(--ast-global-color-5)","background-image":"","background-repeat":"repeat","background-position":"center center","background-size":"auto","background-attachment":"scroll","background-type":"","background-media":"","overlay-type":"","overlay-color":"","overlay-opacity":"","overlay-gradient":""},"tablet":{"background-color":"var(--ast-global-color-5)","background-image":"","background-repeat":"repeat","background-position":"center center","background-size":"auto","background-attachment":"scroll","background-type":"","background-media":"","overlay-type":"","overlay-color":"","overlay-opacity":"","overlay-gradient":""},"mobile":{"background-color":"var(--ast-global-color-5)","background-image":"","background-repeat":"repeat","background-position":"center center","background-size":"auto","background-attachment":"scroll","background-type":"","background-media":"","overlay-type":"","overlay-color":"","overlay-opacity":"","overlay-gradient":""}},"_tribe_events_status":"","_tribe_events_status_reason":"","footnotes":""},"tags":[],"tribe_events_cat":[114],"class_list":["post-223570","tribe_events","type-tribe_events","status-publish","has-post-thumbnail","hentry","tribe_events_cat-vigo","cat_vigo"],"yoast_head":"<!-- This site is optimized with the Yoast SEO plugin v28.3 - https:\/\/yoast.com\/product\/yoast-seo-wordpress\/ -->\n<title>Charla-coloquio: &quot;Hannah Arendt: El fin de la indiferencia&quot;. - Nova Acr\u00f3pole Espa\u00f1a<\/title>\n<meta name=\"robots\" content=\"index, follow, max-snippet:-1, max-image-preview:large, max-video-preview:-1\" \/>\n<link rel=\"canonical\" href=\"https:\/\/nueva-acropolis.es\/gl\/evento\/charla-coloquio-hannah-arendt-el-fin-de-la-indiferencia\/\" \/>\n<meta property=\"og:locale\" content=\"gl_ES\" \/>\n<meta property=\"og:type\" content=\"article\" \/>\n<meta property=\"og:title\" content=\"Charla-coloquio: &quot;Hannah Arendt: El fin de la indiferencia&quot;. - Nova Acr\u00f3pole Espa\u00f1a\" \/>\n<meta property=\"og:description\" content=\"\u00bfHemos olvidado c\u00f3mo pensar por nosotros mismos? Charla-coloquio: &#8220;HANNAH ARENDT: EL F\u00cdN DE LA INDIFERENCIA&#8221;viernes 13 de marzo a las 19:30 horas.Consigue tu entrada gratuita: https:\/\/bit.ly\/3ZWVNBz o por whatsapp: 620 [&hellip;]\" \/>\n<meta property=\"og:url\" content=\"https:\/\/nueva-acropolis.es\/gl\/evento\/charla-coloquio-hannah-arendt-el-fin-de-la-indiferencia\/\" \/>\n<meta property=\"og:site_name\" content=\"Nova Acr\u00f3pole Espa\u00f1a\" \/>\n<meta property=\"article:publisher\" content=\"https:\/\/www.facebook.com\/NuevaAcropolisEspana\/\" \/>\n<meta property=\"article:modified_time\" content=\"2026-03-13T20:57:13+00:00\" \/>\n<meta property=\"og:image\" content=\"https:\/\/nueva-acropolis.es\/wp-content\/uploads\/2026\/02\/223570_image-1.png\" \/>\n\t<meta property=\"og:image:width\" content=\"984\" \/>\n\t<meta property=\"og:image:height\" content=\"525\" \/>\n\t<meta property=\"og:image:type\" content=\"image\/png\" \/>\n<meta name=\"twitter:card\" content=\"summary_large_image\" \/>\n<meta name=\"twitter:label1\" content=\"Tempo de lectura\" \/>\n\t<meta name=\"twitter:data1\" content=\"1 minuto\" \/>\n<script type=\"application\/ld+json\" class=\"yoast-schema-graph\">{\"@context\":\"https:\\\/\\\/schema.org\",\"@graph\":[{\"@type\":\"WebPage\",\"@id\":\"https:\\\/\\\/nueva-acropolis.es\\\/gl\\\/evento\\\/charla-coloquio-hannah-arendt-el-fin-de-la-indiferencia\\\/\",\"url\":\"https:\\\/\\\/nueva-acropolis.es\\\/gl\\\/evento\\\/charla-coloquio-hannah-arendt-el-fin-de-la-indiferencia\\\/\",\"name\":\"Charla-coloquio: \\\"Hannah Arendt: El fin de la indiferencia\\\". - Nova Acr\u00f3pole Espa\u00f1a\",\"isPartOf\":{\"@id\":\"https:\\\/\\\/nueva-acropolis.es\\\/gl\\\/#website\"},\"primaryImageOfPage\":{\"@id\":\"https:\\\/\\\/nueva-acropolis.es\\\/gl\\\/evento\\\/charla-coloquio-hannah-arendt-el-fin-de-la-indiferencia\\\/#primaryimage\"},\"image\":{\"@id\":\"https:\\\/\\\/nueva-acropolis.es\\\/gl\\\/evento\\\/charla-coloquio-hannah-arendt-el-fin-de-la-indiferencia\\\/#primaryimage\"},\"thumbnailUrl\":\"https:\\\/\\\/nueva-acropolis.es\\\/wp-content\\\/uploads\\\/2026\\\/02\\\/223570_image-1.png\",\"datePublished\":\"2026-02-09T08:57:05+00:00\",\"dateModified\":\"2026-03-13T20:57:13+00:00\",\"breadcrumb\":{\"@id\":\"https:\\\/\\\/nueva-acropolis.es\\\/gl\\\/evento\\\/charla-coloquio-hannah-arendt-el-fin-de-la-indiferencia\\\/#breadcrumb\"},\"inLanguage\":\"gl-ES\",\"potentialAction\":[{\"@type\":\"ReadAction\",\"target\":[\"https:\\\/\\\/nueva-acropolis.es\\\/gl\\\/evento\\\/charla-coloquio-hannah-arendt-el-fin-de-la-indiferencia\\\/\"]}]},{\"@type\":\"ImageObject\",\"inLanguage\":\"gl-ES\",\"@id\":\"https:\\\/\\\/nueva-acropolis.es\\\/gl\\\/evento\\\/charla-coloquio-hannah-arendt-el-fin-de-la-indiferencia\\\/#primaryimage\",\"url\":\"https:\\\/\\\/nueva-acropolis.es\\\/wp-content\\\/uploads\\\/2026\\\/02\\\/223570_image-1.png\",\"contentUrl\":\"https:\\\/\\\/nueva-acropolis.es\\\/wp-content\\\/uploads\\\/2026\\\/02\\\/223570_image-1.png\",\"width\":984,\"height\":525},{\"@type\":\"BreadcrumbList\",\"@id\":\"https:\\\/\\\/nueva-acropolis.es\\\/gl\\\/evento\\\/charla-coloquio-hannah-arendt-el-fin-de-la-indiferencia\\\/#breadcrumb\",\"itemListElement\":[{\"@type\":\"ListItem\",\"position\":1,\"name\":\"Portada\",\"item\":\"https:\\\/\\\/nueva-acropolis.es\\\/gl\\\/comeza\\\/\"},{\"@type\":\"ListItem\",\"position\":2,\"name\":\"Calendario\",\"item\":\"https:\\\/\\\/nueva-acropolis.es\\\/eventos\\\/\"},{\"@type\":\"ListItem\",\"position\":3,\"name\":\"Charla-coloquio: \u00abHannah Arendt: El fin de la indiferencia\u00bb.\"}]},{\"@type\":\"WebSite\",\"@id\":\"https:\\\/\\\/nueva-acropolis.es\\\/gl\\\/#website\",\"url\":\"https:\\\/\\\/nueva-acropolis.es\\\/gl\\\/\",\"name\":\"Nueva Acr\u00f3polis Espa\u00f1a\",\"description\":\"Organizaci\u00f3n Internacional de Filosofia, Cultura y Voluntariado\",\"publisher\":{\"@id\":\"https:\\\/\\\/nueva-acropolis.es\\\/gl\\\/#organization\"},\"potentialAction\":[{\"@type\":\"SearchAction\",\"target\":{\"@type\":\"EntryPoint\",\"urlTemplate\":\"https:\\\/\\\/nueva-acropolis.es\\\/gl\\\/?s={search_term_string}\"},\"query-input\":{\"@type\":\"PropertyValueSpecification\",\"valueRequired\":true,\"valueName\":\"search_term_string\"}}],\"inLanguage\":\"gl-ES\"},{\"@type\":\"Organization\",\"@id\":\"https:\\\/\\\/nueva-acropolis.es\\\/gl\\\/#organization\",\"name\":\"Nueva Acr\u00f3polis Espa\u00f1a\",\"url\":\"https:\\\/\\\/nueva-acropolis.es\\\/gl\\\/\",\"logo\":{\"@type\":\"ImageObject\",\"inLanguage\":\"gl-ES\",\"@id\":\"https:\\\/\\\/nueva-acropolis.es\\\/gl\\\/#\\\/schema\\\/logo\\\/image\\\/\",\"url\":\"https:\\\/\\\/nueva-acropolis.es\\\/wp-content\\\/uploads\\\/2024\\\/07\\\/cropped-Logo-NA-cuadrado.png\",\"contentUrl\":\"https:\\\/\\\/nueva-acropolis.es\\\/wp-content\\\/uploads\\\/2024\\\/07\\\/cropped-Logo-NA-cuadrado.png\",\"width\":512,\"height\":512,\"caption\":\"Nueva Acr\u00f3polis Espa\u00f1a\"},\"image\":{\"@id\":\"https:\\\/\\\/nueva-acropolis.es\\\/gl\\\/#\\\/schema\\\/logo\\\/image\\\/\"},\"sameAs\":[\"https:\\\/\\\/www.facebook.com\\\/NuevaAcropolisEspana\\\/\",\"https:\\\/\\\/www.instagram.com\\\/nuevaacropolisespana\\\/\",\"https:\\\/\\\/www.youtube.com\\\/c\\\/NuevaAcropolisEspaa\"]}]}<\/script>\n<!-- \/ Yoast SEO plugin. -->","yoast_head_json":{"title":"Charla-coloquio: \"Hannah Arendt: El fin de la indiferencia\". - Nova Acr\u00f3pole Espa\u00f1a","robots":{"index":"index","follow":"follow","max-snippet":"max-snippet:-1","max-image-preview":"max-image-preview:large","max-video-preview":"max-video-preview:-1"},"canonical":"https:\/\/nueva-acropolis.es\/gl\/evento\/charla-coloquio-hannah-arendt-el-fin-de-la-indiferencia\/","og_locale":"gl_ES","og_type":"article","og_title":"Charla-coloquio: \"Hannah Arendt: El fin de la indiferencia\". - Nova Acr\u00f3pole Espa\u00f1a","og_description":"\u00bfHemos olvidado c\u00f3mo pensar por nosotros mismos? Charla-coloquio: &#8220;HANNAH ARENDT: EL F\u00cdN DE LA INDIFERENCIA&#8221;viernes 13 de marzo a las 19:30 horas.Consigue tu entrada gratuita: https:\/\/bit.ly\/3ZWVNBz o por whatsapp: 620 [&hellip;]","og_url":"https:\/\/nueva-acropolis.es\/gl\/evento\/charla-coloquio-hannah-arendt-el-fin-de-la-indiferencia\/","og_site_name":"Nova Acr\u00f3pole Espa\u00f1a","article_publisher":"https:\/\/www.facebook.com\/NuevaAcropolisEspana\/","article_modified_time":"2026-03-13T20:57:13+00:00","og_image":[{"width":984,"height":525,"url":"https:\/\/nueva-acropolis.es\/wp-content\/uploads\/2026\/02\/223570_image-1.png","type":"image\/png"}],"twitter_card":"summary_large_image","twitter_misc":{"Tempo de lectura":"1 minuto"},"schema":{"@context":"https:\/\/schema.org","@graph":[{"@type":"WebPage","@id":"https:\/\/nueva-acropolis.es\/gl\/evento\/charla-coloquio-hannah-arendt-el-fin-de-la-indiferencia\/","url":"https:\/\/nueva-acropolis.es\/gl\/evento\/charla-coloquio-hannah-arendt-el-fin-de-la-indiferencia\/","name":"Charla-coloquio: \"Hannah Arendt: El fin de la indiferencia\". - Nova Acr\u00f3pole Espa\u00f1a","isPartOf":{"@id":"https:\/\/nueva-acropolis.es\/gl\/#website"},"primaryImageOfPage":{"@id":"https:\/\/nueva-acropolis.es\/gl\/evento\/charla-coloquio-hannah-arendt-el-fin-de-la-indiferencia\/#primaryimage"},"image":{"@id":"https:\/\/nueva-acropolis.es\/gl\/evento\/charla-coloquio-hannah-arendt-el-fin-de-la-indiferencia\/#primaryimage"},"thumbnailUrl":"https:\/\/nueva-acropolis.es\/wp-content\/uploads\/2026\/02\/223570_image-1.png","datePublished":"2026-02-09T08:57:05+00:00","dateModified":"2026-03-13T20:57:13+00:00","breadcrumb":{"@id":"https:\/\/nueva-acropolis.es\/gl\/evento\/charla-coloquio-hannah-arendt-el-fin-de-la-indiferencia\/#breadcrumb"},"inLanguage":"gl-ES","potentialAction":[{"@type":"ReadAction","target":["https:\/\/nueva-acropolis.es\/gl\/evento\/charla-coloquio-hannah-arendt-el-fin-de-la-indiferencia\/"]}]},{"@type":"ImageObject","inLanguage":"gl-ES","@id":"https:\/\/nueva-acropolis.es\/gl\/evento\/charla-coloquio-hannah-arendt-el-fin-de-la-indiferencia\/#primaryimage","url":"https:\/\/nueva-acropolis.es\/wp-content\/uploads\/2026\/02\/223570_image-1.png","contentUrl":"https:\/\/nueva-acropolis.es\/wp-content\/uploads\/2026\/02\/223570_image-1.png","width":984,"height":525},{"@type":"BreadcrumbList","@id":"https:\/\/nueva-acropolis.es\/gl\/evento\/charla-coloquio-hannah-arendt-el-fin-de-la-indiferencia\/#breadcrumb","itemListElement":[{"@type":"ListItem","position":1,"name":"Portada","item":"https:\/\/nueva-acropolis.es\/gl\/comeza\/"},{"@type":"ListItem","position":2,"name":"Calendario","item":"https:\/\/nueva-acropolis.es\/eventos\/"},{"@type":"ListItem","position":3,"name":"Charla-coloquio: \u00abHannah Arendt: El fin de la indiferencia\u00bb."}]},{"@type":"WebSite","@id":"https:\/\/nueva-acropolis.es\/gl\/#website","url":"https:\/\/nueva-acropolis.es\/gl\/","name":"Nueva Acr\u00f3polis Espa\u00f1a","description":"Organizaci\u00f3n Internacional de Filosofia, Cultura y Voluntariado","publisher":{"@id":"https:\/\/nueva-acropolis.es\/gl\/#organization"},"potentialAction":[{"@type":"SearchAction","target":{"@type":"EntryPoint","urlTemplate":"https:\/\/nueva-acropolis.es\/gl\/?s={search_term_string}"},"query-input":{"@type":"PropertyValueSpecification","valueRequired":true,"valueName":"search_term_string"}}],"inLanguage":"gl-ES"},{"@type":"Organization","@id":"https:\/\/nueva-acropolis.es\/gl\/#organization","name":"Nueva Acr\u00f3polis Espa\u00f1a","url":"https:\/\/nueva-acropolis.es\/gl\/","logo":{"@type":"ImageObject","inLanguage":"gl-ES","@id":"https:\/\/nueva-acropolis.es\/gl\/#\/schema\/logo\/image\/","url":"https:\/\/nueva-acropolis.es\/wp-content\/uploads\/2024\/07\/cropped-Logo-NA-cuadrado.png","contentUrl":"https:\/\/nueva-acropolis.es\/wp-content\/uploads\/2024\/07\/cropped-Logo-NA-cuadrado.png","width":512,"height":512,"caption":"Nueva Acr\u00f3polis Espa\u00f1a"},"image":{"@id":"https:\/\/nueva-acropolis.es\/gl\/#\/schema\/logo\/image\/"},"sameAs":["https:\/\/www.facebook.com\/NuevaAcropolisEspana\/","https:\/\/www.instagram.com\/nuevaacropolisespana\/","https:\/\/www.youtube.com\/c\/NuevaAcropolisEspaa"]}]}},"_links":{"self":[{"href":"https:\/\/nueva-acropolis.es\/gl\/wp-json\/wp\/v2\/tribe_events\/223570","targetHints":{"allow":["GET"]}}],"collection":[{"href":"https:\/\/nueva-acropolis.es\/gl\/wp-json\/wp\/v2\/tribe_events"}],"about":[{"href":"https:\/\/nueva-acropolis.es\/gl\/wp-json\/wp\/v2\/types\/tribe_events"}],"author":[{"embeddable":true,"href":"https:\/\/nueva-acropolis.es\/gl\/wp-json\/wp\/v2\/users\/25"}],"version-history":[{"count":0,"href":"https:\/\/nueva-acropolis.es\/gl\/wp-json\/wp\/v2\/tribe_events\/223570\/revisions"}],"wp:featuredmedia":[{"embeddable":true,"href":"https:\/\/nueva-acropolis.es\/gl\/wp-json\/wp\/v2\/media\/232128"}],"wp:attachment":[{"href":"https:\/\/nueva-acropolis.es\/gl\/wp-json\/wp\/v2\/media?parent=223570"}],"wp:term":[{"taxonomy":"post_tag","embeddable":true,"href":"https:\/\/nueva-acropolis.es\/gl\/wp-json\/wp\/v2\/tags?post=223570"},{"taxonomy":"tribe_events_cat","embeddable":true,"href":"https:\/\/nueva-acropolis.es\/gl\/wp-json\/wp\/v2\/tribe_events_cat?post=223570"}],"curies":[{"name":"wp","href":"https:\/\/api.w.org\/{rel}","templated":true}]}}