{"id":214508,"date":"2026-01-08T20:00:56","date_gmt":"2026-01-08T19:00:56","guid":{"rendered":"https:\/\/nueva-acropolis.es\/evento\/tertulia-el-laberinto-de-teseo-conocete-para-transformar-tu-mundo\/"},"modified":"2026-01-15T21:00:52","modified_gmt":"2026-01-15T20:00:52","slug":"tertulia-el-laberinto-de-teseo-conocete-para-transformar-tu-mundo","status":"publish","type":"tribe_events","link":"https:\/\/nueva-acropolis.es\/gl\/evento\/tertulia-el-laberinto-de-teseo-conocete-para-transformar-tu-mundo\/","title":{"rendered":"Tertulia. El Laberinto de Teseo: Con\u00f3cete para transformar tu mundo"},"content":{"rendered":"<div>Tertulia organizada por Nueva Acr\u00f3polis M\u00e1laga.<\/div>\n<div style=\"margin-top: 20px\">\n<div style=\"margin: 20px 10px;font-size: 15px;line-height: 22px;font-weight: 400;text-align: left\">\n<p>El proceso de entendimiento personal no solo es un viaje interno, sino una puerta para hacer una diferencia en el mundo exterior, siguiendo el simbolismo del h\u00e9roe que enfrenta desaf\u00edos para algo m\u00e1s grande.<\/p>\n<p>Lugar: Bon Bon Jazz. C\/Reding n\u00ba 10<\/p>\n<\/div>\n<\/div>\n","protected":false},"excerpt":{"rendered":"<p>Tertulia organizada por Nueva Acr\u00f3polis M\u00e1laga. El proceso de entendimiento personal no solo es un viaje interno, sino una puerta para hacer una diferencia en el mundo exterior, siguiendo el [&hellip;]<\/p>\n","protected":false},"author":39,"featured_media":214512,"template":"","meta":{"site-sidebar-layout":"default","site-content-layout":"","ast-site-content-layout":"default","site-content-style":"default","site-sidebar-style":"default","ast-global-header-display":"","ast-banner-title-visibility":"","ast-main-header-display":"","ast-hfb-above-header-display":"","ast-hfb-below-header-display":"","ast-hfb-mobile-header-display":"","site-post-title":"","ast-breadcrumbs-content":"","ast-featured-img":"","footer-sml-layout":"","ast-disable-related-posts":"","theme-transparent-header-meta":"","adv-header-id-meta":"","stick-header-meta":"","header-above-stick-meta":"","header-main-stick-meta":"","header-below-stick-meta":"","astra-migrate-meta-layouts":"default","ast-page-background-enabled":"default","ast-page-background-meta":{"desktop":{"background-color":"","background-image":"","background-repeat":"repeat","background-position":"center center","background-size":"auto","background-attachment":"scroll","background-type":"","background-media":"","overlay-type":"","overlay-color":"","overlay-opacity":"","overlay-gradient":""},"tablet":{"background-color":"","background-image":"","background-repeat":"repeat","background-position":"center center","background-size":"auto","background-attachment":"scroll","background-type":"","background-media":"","overlay-type":"","overlay-color":"","overlay-opacity":"","overlay-gradient":""},"mobile":{"background-color":"","background-image":"","background-repeat":"repeat","background-position":"center center","background-size":"auto","background-attachment":"scroll","background-type":"","background-media":"","overlay-type":"","overlay-color":"","overlay-opacity":"","overlay-gradient":""}},"ast-content-background-meta":{"desktop":{"background-color":"var(--ast-global-color-5)","background-image":"","background-repeat":"repeat","background-position":"center center","background-size":"auto","background-attachment":"scroll","background-type":"","background-media":"","overlay-type":"","overlay-color":"","overlay-opacity":"","overlay-gradient":""},"tablet":{"background-color":"var(--ast-global-color-5)","background-image":"","background-repeat":"repeat","background-position":"center center","background-size":"auto","background-attachment":"scroll","background-type":"","background-media":"","overlay-type":"","overlay-color":"","overlay-opacity":"","overlay-gradient":""},"mobile":{"background-color":"var(--ast-global-color-5)","background-image":"","background-repeat":"repeat","background-position":"center center","background-size":"auto","background-attachment":"scroll","background-type":"","background-media":"","overlay-type":"","overlay-color":"","overlay-opacity":"","overlay-gradient":""}},"_tribe_events_status":"","_tribe_events_status_reason":"","footnotes":""},"tags":[],"tribe_events_cat":[130],"class_list":["post-214508","tribe_events","type-tribe_events","status-publish","has-post-thumbnail","hentry","tribe_events_cat-malaga","cat_malaga"],"yoast_head":"<!-- This site is optimized with the Yoast SEO plugin v28.3 - https:\/\/yoast.com\/product\/yoast-seo-wordpress\/ -->\n<title>Tertulia. El Laberinto de Teseo: Con\u00f3cete para transformar tu mundo - Nova Acr\u00f3pole Espa\u00f1a<\/title>\n<meta name=\"robots\" content=\"index, follow, max-snippet:-1, max-image-preview:large, max-video-preview:-1\" \/>\n<link rel=\"canonical\" href=\"https:\/\/nueva-acropolis.es\/gl\/evento\/tertulia-el-laberinto-de-teseo-conocete-para-transformar-tu-mundo\/\" \/>\n<meta property=\"og:locale\" content=\"gl_ES\" \/>\n<meta property=\"og:type\" content=\"article\" \/>\n<meta property=\"og:title\" content=\"Tertulia. El Laberinto de Teseo: Con\u00f3cete para transformar tu mundo - Nova Acr\u00f3pole Espa\u00f1a\" \/>\n<meta property=\"og:description\" content=\"Tertulia organizada por Nueva Acr\u00f3polis M\u00e1laga. El proceso de entendimiento personal no solo es un viaje interno, sino una puerta para hacer una diferencia en el mundo exterior, siguiendo el [&hellip;]\" \/>\n<meta property=\"og:url\" content=\"https:\/\/nueva-acropolis.es\/gl\/evento\/tertulia-el-laberinto-de-teseo-conocete-para-transformar-tu-mundo\/\" \/>\n<meta property=\"og:site_name\" content=\"Nova Acr\u00f3pole Espa\u00f1a\" \/>\n<meta property=\"article:publisher\" content=\"https:\/\/www.facebook.com\/NuevaAcropolisEspana\/\" \/>\n<meta property=\"article:modified_time\" content=\"2026-01-15T20:00:52+00:00\" \/>\n<meta property=\"og:image\" content=\"https:\/\/nueva-acropolis.es\/wp-content\/uploads\/2026\/01\/214508_image.jpg\" \/>\n\t<meta property=\"og:image:width\" content=\"1200\" \/>\n\t<meta property=\"og:image:height\" content=\"627\" \/>\n\t<meta property=\"og:image:type\" content=\"image\/jpeg\" \/>\n<meta name=\"twitter:card\" content=\"summary_large_image\" \/>\n<script type=\"application\/ld+json\" class=\"yoast-schema-graph\">{\"@context\":\"https:\\\/\\\/schema.org\",\"@graph\":[{\"@type\":\"WebPage\",\"@id\":\"https:\\\/\\\/nueva-acropolis.es\\\/gl\\\/evento\\\/tertulia-el-laberinto-de-teseo-conocete-para-transformar-tu-mundo\\\/\",\"url\":\"https:\\\/\\\/nueva-acropolis.es\\\/gl\\\/evento\\\/tertulia-el-laberinto-de-teseo-conocete-para-transformar-tu-mundo\\\/\",\"name\":\"Tertulia. El Laberinto de Teseo: Con\u00f3cete para transformar tu mundo - Nova Acr\u00f3pole Espa\u00f1a\",\"isPartOf\":{\"@id\":\"https:\\\/\\\/nueva-acropolis.es\\\/gl\\\/#website\"},\"primaryImageOfPage\":{\"@id\":\"https:\\\/\\\/nueva-acropolis.es\\\/gl\\\/evento\\\/tertulia-el-laberinto-de-teseo-conocete-para-transformar-tu-mundo\\\/#primaryimage\"},\"image\":{\"@id\":\"https:\\\/\\\/nueva-acropolis.es\\\/gl\\\/evento\\\/tertulia-el-laberinto-de-teseo-conocete-para-transformar-tu-mundo\\\/#primaryimage\"},\"thumbnailUrl\":\"https:\\\/\\\/nueva-acropolis.es\\\/wp-content\\\/uploads\\\/2026\\\/01\\\/214508_image.jpg\",\"datePublished\":\"2026-01-08T19:00:56+00:00\",\"dateModified\":\"2026-01-15T20:00:52+00:00\",\"breadcrumb\":{\"@id\":\"https:\\\/\\\/nueva-acropolis.es\\\/gl\\\/evento\\\/tertulia-el-laberinto-de-teseo-conocete-para-transformar-tu-mundo\\\/#breadcrumb\"},\"inLanguage\":\"gl-ES\",\"potentialAction\":[{\"@type\":\"ReadAction\",\"target\":[\"https:\\\/\\\/nueva-acropolis.es\\\/gl\\\/evento\\\/tertulia-el-laberinto-de-teseo-conocete-para-transformar-tu-mundo\\\/\"]}]},{\"@type\":\"ImageObject\",\"inLanguage\":\"gl-ES\",\"@id\":\"https:\\\/\\\/nueva-acropolis.es\\\/gl\\\/evento\\\/tertulia-el-laberinto-de-teseo-conocete-para-transformar-tu-mundo\\\/#primaryimage\",\"url\":\"https:\\\/\\\/nueva-acropolis.es\\\/wp-content\\\/uploads\\\/2026\\\/01\\\/214508_image.jpg\",\"contentUrl\":\"https:\\\/\\\/nueva-acropolis.es\\\/wp-content\\\/uploads\\\/2026\\\/01\\\/214508_image.jpg\",\"width\":1200,\"height\":627},{\"@type\":\"BreadcrumbList\",\"@id\":\"https:\\\/\\\/nueva-acropolis.es\\\/gl\\\/evento\\\/tertulia-el-laberinto-de-teseo-conocete-para-transformar-tu-mundo\\\/#breadcrumb\",\"itemListElement\":[{\"@type\":\"ListItem\",\"position\":1,\"name\":\"Portada\",\"item\":\"https:\\\/\\\/nueva-acropolis.es\\\/gl\\\/comeza\\\/\"},{\"@type\":\"ListItem\",\"position\":2,\"name\":\"Calendario\",\"item\":\"https:\\\/\\\/nueva-acropolis.es\\\/eventos\\\/\"},{\"@type\":\"ListItem\",\"position\":3,\"name\":\"Tertulia. El Laberinto de Teseo: Con\u00f3cete para transformar tu mundo\"}]},{\"@type\":\"WebSite\",\"@id\":\"https:\\\/\\\/nueva-acropolis.es\\\/gl\\\/#website\",\"url\":\"https:\\\/\\\/nueva-acropolis.es\\\/gl\\\/\",\"name\":\"Nueva Acr\u00f3polis Espa\u00f1a\",\"description\":\"Organizaci\u00f3n Internacional de Filosofia, Cultura y Voluntariado\",\"publisher\":{\"@id\":\"https:\\\/\\\/nueva-acropolis.es\\\/gl\\\/#organization\"},\"potentialAction\":[{\"@type\":\"SearchAction\",\"target\":{\"@type\":\"EntryPoint\",\"urlTemplate\":\"https:\\\/\\\/nueva-acropolis.es\\\/gl\\\/?s={search_term_string}\"},\"query-input\":{\"@type\":\"PropertyValueSpecification\",\"valueRequired\":true,\"valueName\":\"search_term_string\"}}],\"inLanguage\":\"gl-ES\"},{\"@type\":\"Organization\",\"@id\":\"https:\\\/\\\/nueva-acropolis.es\\\/gl\\\/#organization\",\"name\":\"Nueva Acr\u00f3polis Espa\u00f1a\",\"url\":\"https:\\\/\\\/nueva-acropolis.es\\\/gl\\\/\",\"logo\":{\"@type\":\"ImageObject\",\"inLanguage\":\"gl-ES\",\"@id\":\"https:\\\/\\\/nueva-acropolis.es\\\/gl\\\/#\\\/schema\\\/logo\\\/image\\\/\",\"url\":\"https:\\\/\\\/nueva-acropolis.es\\\/wp-content\\\/uploads\\\/2024\\\/07\\\/cropped-Logo-NA-cuadrado.png\",\"contentUrl\":\"https:\\\/\\\/nueva-acropolis.es\\\/wp-content\\\/uploads\\\/2024\\\/07\\\/cropped-Logo-NA-cuadrado.png\",\"width\":512,\"height\":512,\"caption\":\"Nueva Acr\u00f3polis Espa\u00f1a\"},\"image\":{\"@id\":\"https:\\\/\\\/nueva-acropolis.es\\\/gl\\\/#\\\/schema\\\/logo\\\/image\\\/\"},\"sameAs\":[\"https:\\\/\\\/www.facebook.com\\\/NuevaAcropolisEspana\\\/\",\"https:\\\/\\\/www.instagram.com\\\/nuevaacropolisespana\\\/\",\"https:\\\/\\\/www.youtube.com\\\/c\\\/NuevaAcropolisEspaa\"]}]}<\/script>\n<!-- \/ Yoast SEO plugin. -->","yoast_head_json":{"title":"Tertulia. El Laberinto de Teseo: Con\u00f3cete para transformar tu mundo - Nova Acr\u00f3pole Espa\u00f1a","robots":{"index":"index","follow":"follow","max-snippet":"max-snippet:-1","max-image-preview":"max-image-preview:large","max-video-preview":"max-video-preview:-1"},"canonical":"https:\/\/nueva-acropolis.es\/gl\/evento\/tertulia-el-laberinto-de-teseo-conocete-para-transformar-tu-mundo\/","og_locale":"gl_ES","og_type":"article","og_title":"Tertulia. El Laberinto de Teseo: Con\u00f3cete para transformar tu mundo - Nova Acr\u00f3pole Espa\u00f1a","og_description":"Tertulia organizada por Nueva Acr\u00f3polis M\u00e1laga. El proceso de entendimiento personal no solo es un viaje interno, sino una puerta para hacer una diferencia en el mundo exterior, siguiendo el [&hellip;]","og_url":"https:\/\/nueva-acropolis.es\/gl\/evento\/tertulia-el-laberinto-de-teseo-conocete-para-transformar-tu-mundo\/","og_site_name":"Nova Acr\u00f3pole Espa\u00f1a","article_publisher":"https:\/\/www.facebook.com\/NuevaAcropolisEspana\/","article_modified_time":"2026-01-15T20:00:52+00:00","og_image":[{"width":1200,"height":627,"url":"https:\/\/nueva-acropolis.es\/wp-content\/uploads\/2026\/01\/214508_image.jpg","type":"image\/jpeg"}],"twitter_card":"summary_large_image","schema":{"@context":"https:\/\/schema.org","@graph":[{"@type":"WebPage","@id":"https:\/\/nueva-acropolis.es\/gl\/evento\/tertulia-el-laberinto-de-teseo-conocete-para-transformar-tu-mundo\/","url":"https:\/\/nueva-acropolis.es\/gl\/evento\/tertulia-el-laberinto-de-teseo-conocete-para-transformar-tu-mundo\/","name":"Tertulia. El Laberinto de Teseo: Con\u00f3cete para transformar tu mundo - Nova Acr\u00f3pole Espa\u00f1a","isPartOf":{"@id":"https:\/\/nueva-acropolis.es\/gl\/#website"},"primaryImageOfPage":{"@id":"https:\/\/nueva-acropolis.es\/gl\/evento\/tertulia-el-laberinto-de-teseo-conocete-para-transformar-tu-mundo\/#primaryimage"},"image":{"@id":"https:\/\/nueva-acropolis.es\/gl\/evento\/tertulia-el-laberinto-de-teseo-conocete-para-transformar-tu-mundo\/#primaryimage"},"thumbnailUrl":"https:\/\/nueva-acropolis.es\/wp-content\/uploads\/2026\/01\/214508_image.jpg","datePublished":"2026-01-08T19:00:56+00:00","dateModified":"2026-01-15T20:00:52+00:00","breadcrumb":{"@id":"https:\/\/nueva-acropolis.es\/gl\/evento\/tertulia-el-laberinto-de-teseo-conocete-para-transformar-tu-mundo\/#breadcrumb"},"inLanguage":"gl-ES","potentialAction":[{"@type":"ReadAction","target":["https:\/\/nueva-acropolis.es\/gl\/evento\/tertulia-el-laberinto-de-teseo-conocete-para-transformar-tu-mundo\/"]}]},{"@type":"ImageObject","inLanguage":"gl-ES","@id":"https:\/\/nueva-acropolis.es\/gl\/evento\/tertulia-el-laberinto-de-teseo-conocete-para-transformar-tu-mundo\/#primaryimage","url":"https:\/\/nueva-acropolis.es\/wp-content\/uploads\/2026\/01\/214508_image.jpg","contentUrl":"https:\/\/nueva-acropolis.es\/wp-content\/uploads\/2026\/01\/214508_image.jpg","width":1200,"height":627},{"@type":"BreadcrumbList","@id":"https:\/\/nueva-acropolis.es\/gl\/evento\/tertulia-el-laberinto-de-teseo-conocete-para-transformar-tu-mundo\/#breadcrumb","itemListElement":[{"@type":"ListItem","position":1,"name":"Portada","item":"https:\/\/nueva-acropolis.es\/gl\/comeza\/"},{"@type":"ListItem","position":2,"name":"Calendario","item":"https:\/\/nueva-acropolis.es\/eventos\/"},{"@type":"ListItem","position":3,"name":"Tertulia. El Laberinto de Teseo: Con\u00f3cete para transformar tu mundo"}]},{"@type":"WebSite","@id":"https:\/\/nueva-acropolis.es\/gl\/#website","url":"https:\/\/nueva-acropolis.es\/gl\/","name":"Nueva Acr\u00f3polis Espa\u00f1a","description":"Organizaci\u00f3n Internacional de Filosofia, Cultura y Voluntariado","publisher":{"@id":"https:\/\/nueva-acropolis.es\/gl\/#organization"},"potentialAction":[{"@type":"SearchAction","target":{"@type":"EntryPoint","urlTemplate":"https:\/\/nueva-acropolis.es\/gl\/?s={search_term_string}"},"query-input":{"@type":"PropertyValueSpecification","valueRequired":true,"valueName":"search_term_string"}}],"inLanguage":"gl-ES"},{"@type":"Organization","@id":"https:\/\/nueva-acropolis.es\/gl\/#organization","name":"Nueva Acr\u00f3polis Espa\u00f1a","url":"https:\/\/nueva-acropolis.es\/gl\/","logo":{"@type":"ImageObject","inLanguage":"gl-ES","@id":"https:\/\/nueva-acropolis.es\/gl\/#\/schema\/logo\/image\/","url":"https:\/\/nueva-acropolis.es\/wp-content\/uploads\/2024\/07\/cropped-Logo-NA-cuadrado.png","contentUrl":"https:\/\/nueva-acropolis.es\/wp-content\/uploads\/2024\/07\/cropped-Logo-NA-cuadrado.png","width":512,"height":512,"caption":"Nueva Acr\u00f3polis Espa\u00f1a"},"image":{"@id":"https:\/\/nueva-acropolis.es\/gl\/#\/schema\/logo\/image\/"},"sameAs":["https:\/\/www.facebook.com\/NuevaAcropolisEspana\/","https:\/\/www.instagram.com\/nuevaacropolisespana\/","https:\/\/www.youtube.com\/c\/NuevaAcropolisEspaa"]}]}},"_links":{"self":[{"href":"https:\/\/nueva-acropolis.es\/gl\/wp-json\/wp\/v2\/tribe_events\/214508","targetHints":{"allow":["GET"]}}],"collection":[{"href":"https:\/\/nueva-acropolis.es\/gl\/wp-json\/wp\/v2\/tribe_events"}],"about":[{"href":"https:\/\/nueva-acropolis.es\/gl\/wp-json\/wp\/v2\/types\/tribe_events"}],"author":[{"embeddable":true,"href":"https:\/\/nueva-acropolis.es\/gl\/wp-json\/wp\/v2\/users\/39"}],"version-history":[{"count":0,"href":"https:\/\/nueva-acropolis.es\/gl\/wp-json\/wp\/v2\/tribe_events\/214508\/revisions"}],"wp:featuredmedia":[{"embeddable":true,"href":"https:\/\/nueva-acropolis.es\/gl\/wp-json\/wp\/v2\/media\/214512"}],"wp:attachment":[{"href":"https:\/\/nueva-acropolis.es\/gl\/wp-json\/wp\/v2\/media?parent=214508"}],"wp:term":[{"taxonomy":"post_tag","embeddable":true,"href":"https:\/\/nueva-acropolis.es\/gl\/wp-json\/wp\/v2\/tags?post=214508"},{"taxonomy":"tribe_events_cat","embeddable":true,"href":"https:\/\/nueva-acropolis.es\/gl\/wp-json\/wp\/v2\/tribe_events_cat?post=214508"}],"curies":[{"name":"wp","href":"https:\/\/api.w.org\/{rel}","templated":true}]}}