{"id":103856,"date":"2025-04-06T22:04:35","date_gmt":"2025-04-06T20:04:35","guid":{"rendered":"https:\/\/nueva-acropolis.es\/evento\/cafe-filosofic-la-bellesa-com-a-rebel%c2%b7lia\/"},"modified":"2025-04-30T12:46:22","modified_gmt":"2025-04-30T10:46:22","slug":"cafe-filosofic-la-bellesa-com-a-rebel%c2%b7lia","status":"publish","type":"tribe_events","link":"https:\/\/nueva-acropolis.es\/gl\/evento\/cafe-filosofic-la-bellesa-com-a-rebel%c2%b7lia\/","title":{"rendered":"Caf\u00e8 filos\u00f2fic: La Bellesa com a rebel\u00b7lia"},"content":{"rendered":"<div>En un m\u00f3n cada vegada m\u00e9s materialista i utilitarista, parlar de poesia, art i bellesa pot semblar in\u00fatil\u2026 o profundament revolucionari.<\/div>\n<div style=\"margin-top: 20px\">\n<div style=\"margin: 20px 10px;font-size: 15px;line-height: 22px;font-weight: 400;text-align: left\">\n<p><em><strong><strong>\u201cLa bellesa salvar\u00e0 el m\u00f3n\u201d ~Dostoyevski<\/strong><\/strong><\/em><\/p>\n<p>Per\u00f2, i si la bellesa fos el que ens mant\u00e9 vius? I si en ella es trob\u00e0s l\u2019ess\u00e8ncia del que som, del que \u00e9s aut\u00e8ntic i eternament hum\u00e0?<\/p>\n<p><em><strong><strong>\u201cL\u2019\u00e9sser hum\u00e0 pot viure sense ci\u00e8ncia, pot viure sense pa, per\u00f2 sense bellesa no podria continuar vivint, perqu\u00e8 no hi hauria res m\u00e9s a fer en el m\u00f3n\u201d ~Dostoyevski<\/strong><\/strong><\/em><\/p>\n<p>Et convidam a reflexionar junts sobre la bellesa com un acte de rebel\u00b7lia, com un gest de resist\u00e8ncia davant la superficialitat i el buit. Perqu\u00e8 la bellesa i la filosofia poden salvar el m\u00f3n. <\/p>\n<p>\u2615 Uneix-te a aquest Caf\u00e8 Filos\u00f2fic per explorar junts aquestes preguntes i compartir idees en un espai de di\u00e0leg i aprenentatge.<\/p>\n<p><strong><strong>\ud83d\udccd T\u2019esperam a la cafeteria Sa Galeria de Can Marc, a Inca! \ud83c\udf31\u2728<\/strong><\/strong><\/p>\n<\/div>\n<div style=\"margin: 20px 0;line-height: 22px\"><\/div>\n<div style=\"margin: 20px 0;line-height: 22px\"><\/div>\n<\/div>\n","protected":false},"excerpt":{"rendered":"<p>En un m\u00f3n cada vegada m\u00e9s materialista i utilitarista, parlar de poesia, art i bellesa pot semblar in\u00fatil\u2026 o profundament revolucionari. \u201cLa bellesa salvar\u00e0 el m\u00f3n\u201d ~Dostoyevski Per\u00f2, i si [&hellip;]<\/p>\n","protected":false},"author":35,"featured_media":103857,"template":"","meta":{"site-sidebar-layout":"default","site-content-layout":"","ast-site-content-layout":"default","site-content-style":"default","site-sidebar-style":"default","ast-global-header-display":"","ast-banner-title-visibility":"","ast-main-header-display":"","ast-hfb-above-header-display":"","ast-hfb-below-header-display":"","ast-hfb-mobile-header-display":"","site-post-title":"","ast-breadcrumbs-content":"","ast-featured-img":"","footer-sml-layout":"","ast-disable-related-posts":"","theme-transparent-header-meta":"","adv-header-id-meta":"","stick-header-meta":"","header-above-stick-meta":"","header-main-stick-meta":"","header-below-stick-meta":"","astra-migrate-meta-layouts":"default","ast-page-background-enabled":"default","ast-page-background-meta":{"desktop":{"background-color":"","background-image":"","background-repeat":"repeat","background-position":"center center","background-size":"auto","background-attachment":"scroll","background-type":"","background-media":"","overlay-type":"","overlay-color":"","overlay-opacity":"","overlay-gradient":""},"tablet":{"background-color":"","background-image":"","background-repeat":"repeat","background-position":"center center","background-size":"auto","background-attachment":"scroll","background-type":"","background-media":"","overlay-type":"","overlay-color":"","overlay-opacity":"","overlay-gradient":""},"mobile":{"background-color":"","background-image":"","background-repeat":"repeat","background-position":"center center","background-size":"auto","background-attachment":"scroll","background-type":"","background-media":"","overlay-type":"","overlay-color":"","overlay-opacity":"","overlay-gradient":""}},"ast-content-background-meta":{"desktop":{"background-color":"var(--ast-global-color-5)","background-image":"","background-repeat":"repeat","background-position":"center center","background-size":"auto","background-attachment":"scroll","background-type":"","background-media":"","overlay-type":"","overlay-color":"","overlay-opacity":"","overlay-gradient":""},"tablet":{"background-color":"var(--ast-global-color-5)","background-image":"","background-repeat":"repeat","background-position":"center center","background-size":"auto","background-attachment":"scroll","background-type":"","background-media":"","overlay-type":"","overlay-color":"","overlay-opacity":"","overlay-gradient":""},"mobile":{"background-color":"var(--ast-global-color-5)","background-image":"","background-repeat":"repeat","background-position":"center center","background-size":"auto","background-attachment":"scroll","background-type":"","background-media":"","overlay-type":"","overlay-color":"","overlay-opacity":"","overlay-gradient":""}},"_tribe_events_status":"","_tribe_events_status_reason":"","footnotes":""},"tags":[],"tribe_events_cat":[125],"class_list":["post-103856","tribe_events","type-tribe_events","status-publish","has-post-thumbnail","hentry","tribe_events_cat-inca","cat_inca"],"yoast_head":"<!-- This site is optimized with the Yoast SEO plugin v28.3 - https:\/\/yoast.com\/product\/yoast-seo-wordpress\/ -->\n<title>Caf\u00e8 filos\u00f2fic: La Bellesa com a rebel\u00b7lia - Nova Acr\u00f3pole Espa\u00f1a<\/title>\n<meta name=\"robots\" content=\"index, follow, max-snippet:-1, max-image-preview:large, max-video-preview:-1\" \/>\n<link rel=\"canonical\" href=\"https:\/\/nueva-acropolis.es\/gl\/evento\/cafe-filosofic-la-bellesa-com-a-rebel\u00b7lia\/\" \/>\n<meta property=\"og:locale\" content=\"gl_ES\" \/>\n<meta property=\"og:type\" content=\"article\" \/>\n<meta property=\"og:title\" content=\"Caf\u00e8 filos\u00f2fic: La Bellesa com a rebel\u00b7lia - Nova Acr\u00f3pole Espa\u00f1a\" \/>\n<meta property=\"og:description\" content=\"En un m\u00f3n cada vegada m\u00e9s materialista i utilitarista, parlar de poesia, art i bellesa pot semblar in\u00fatil\u2026 o profundament revolucionari. \u201cLa bellesa salvar\u00e0 el m\u00f3n\u201d ~Dostoyevski Per\u00f2, i si [&hellip;]\" \/>\n<meta property=\"og:url\" content=\"https:\/\/nueva-acropolis.es\/gl\/evento\/cafe-filosofic-la-bellesa-com-a-rebel\u00b7lia\/\" \/>\n<meta property=\"og:site_name\" content=\"Nova Acr\u00f3pole Espa\u00f1a\" \/>\n<meta property=\"article:publisher\" content=\"https:\/\/www.facebook.com\/NuevaAcropolisEspana\/\" \/>\n<meta property=\"article:modified_time\" content=\"2025-04-30T10:46:22+00:00\" \/>\n<meta property=\"og:image\" content=\"https:\/\/nueva-acropolis.es\/wp-content\/uploads\/2025\/04\/103856_image.png\" \/>\n\t<meta property=\"og:image:width\" content=\"2160\" \/>\n\t<meta property=\"og:image:height\" content=\"1080\" \/>\n\t<meta property=\"og:image:type\" content=\"image\/png\" \/>\n<meta name=\"twitter:card\" content=\"summary_large_image\" \/>\n<meta name=\"twitter:label1\" content=\"Tempo de lectura\" \/>\n\t<meta name=\"twitter:data1\" content=\"1 minuto\" \/>\n<script type=\"application\/ld+json\" class=\"yoast-schema-graph\">{\"@context\":\"https:\\\/\\\/schema.org\",\"@graph\":[{\"@type\":\"WebPage\",\"@id\":\"https:\\\/\\\/nueva-acropolis.es\\\/gl\\\/evento\\\/cafe-filosofic-la-bellesa-com-a-rebel%c2%b7lia\\\/\",\"url\":\"https:\\\/\\\/nueva-acropolis.es\\\/gl\\\/evento\\\/cafe-filosofic-la-bellesa-com-a-rebel%c2%b7lia\\\/\",\"name\":\"Caf\u00e8 filos\u00f2fic: La Bellesa com a rebel\u00b7lia - Nova Acr\u00f3pole Espa\u00f1a\",\"isPartOf\":{\"@id\":\"https:\\\/\\\/nueva-acropolis.es\\\/gl\\\/#website\"},\"primaryImageOfPage\":{\"@id\":\"https:\\\/\\\/nueva-acropolis.es\\\/gl\\\/evento\\\/cafe-filosofic-la-bellesa-com-a-rebel%c2%b7lia\\\/#primaryimage\"},\"image\":{\"@id\":\"https:\\\/\\\/nueva-acropolis.es\\\/gl\\\/evento\\\/cafe-filosofic-la-bellesa-com-a-rebel%c2%b7lia\\\/#primaryimage\"},\"thumbnailUrl\":\"https:\\\/\\\/nueva-acropolis.es\\\/wp-content\\\/uploads\\\/2025\\\/04\\\/103856_image.png\",\"datePublished\":\"2025-04-06T20:04:35+00:00\",\"dateModified\":\"2025-04-30T10:46:22+00:00\",\"breadcrumb\":{\"@id\":\"https:\\\/\\\/nueva-acropolis.es\\\/gl\\\/evento\\\/cafe-filosofic-la-bellesa-com-a-rebel%c2%b7lia\\\/#breadcrumb\"},\"inLanguage\":\"gl-ES\",\"potentialAction\":[{\"@type\":\"ReadAction\",\"target\":[\"https:\\\/\\\/nueva-acropolis.es\\\/gl\\\/evento\\\/cafe-filosofic-la-bellesa-com-a-rebel%c2%b7lia\\\/\"]}]},{\"@type\":\"ImageObject\",\"inLanguage\":\"gl-ES\",\"@id\":\"https:\\\/\\\/nueva-acropolis.es\\\/gl\\\/evento\\\/cafe-filosofic-la-bellesa-com-a-rebel%c2%b7lia\\\/#primaryimage\",\"url\":\"https:\\\/\\\/nueva-acropolis.es\\\/wp-content\\\/uploads\\\/2025\\\/04\\\/103856_image.png\",\"contentUrl\":\"https:\\\/\\\/nueva-acropolis.es\\\/wp-content\\\/uploads\\\/2025\\\/04\\\/103856_image.png\",\"width\":2160,\"height\":1080},{\"@type\":\"BreadcrumbList\",\"@id\":\"https:\\\/\\\/nueva-acropolis.es\\\/gl\\\/evento\\\/cafe-filosofic-la-bellesa-com-a-rebel%c2%b7lia\\\/#breadcrumb\",\"itemListElement\":[{\"@type\":\"ListItem\",\"position\":1,\"name\":\"Portada\",\"item\":\"https:\\\/\\\/nueva-acropolis.es\\\/gl\\\/comeza\\\/\"},{\"@type\":\"ListItem\",\"position\":2,\"name\":\"Calendario\",\"item\":\"https:\\\/\\\/nueva-acropolis.es\\\/eventos\\\/\"},{\"@type\":\"ListItem\",\"position\":3,\"name\":\"Caf\u00e8 filos\u00f2fic: La Bellesa com a rebel\u00b7lia\"}]},{\"@type\":\"WebSite\",\"@id\":\"https:\\\/\\\/nueva-acropolis.es\\\/gl\\\/#website\",\"url\":\"https:\\\/\\\/nueva-acropolis.es\\\/gl\\\/\",\"name\":\"Nueva Acr\u00f3polis Espa\u00f1a\",\"description\":\"Organizaci\u00f3n Internacional de Filosofia, Cultura y Voluntariado\",\"publisher\":{\"@id\":\"https:\\\/\\\/nueva-acropolis.es\\\/gl\\\/#organization\"},\"potentialAction\":[{\"@type\":\"SearchAction\",\"target\":{\"@type\":\"EntryPoint\",\"urlTemplate\":\"https:\\\/\\\/nueva-acropolis.es\\\/gl\\\/?s={search_term_string}\"},\"query-input\":{\"@type\":\"PropertyValueSpecification\",\"valueRequired\":true,\"valueName\":\"search_term_string\"}}],\"inLanguage\":\"gl-ES\"},{\"@type\":\"Organization\",\"@id\":\"https:\\\/\\\/nueva-acropolis.es\\\/gl\\\/#organization\",\"name\":\"Nueva Acr\u00f3polis Espa\u00f1a\",\"url\":\"https:\\\/\\\/nueva-acropolis.es\\\/gl\\\/\",\"logo\":{\"@type\":\"ImageObject\",\"inLanguage\":\"gl-ES\",\"@id\":\"https:\\\/\\\/nueva-acropolis.es\\\/gl\\\/#\\\/schema\\\/logo\\\/image\\\/\",\"url\":\"https:\\\/\\\/nueva-acropolis.es\\\/wp-content\\\/uploads\\\/2024\\\/07\\\/cropped-Logo-NA-cuadrado.png\",\"contentUrl\":\"https:\\\/\\\/nueva-acropolis.es\\\/wp-content\\\/uploads\\\/2024\\\/07\\\/cropped-Logo-NA-cuadrado.png\",\"width\":512,\"height\":512,\"caption\":\"Nueva Acr\u00f3polis Espa\u00f1a\"},\"image\":{\"@id\":\"https:\\\/\\\/nueva-acropolis.es\\\/gl\\\/#\\\/schema\\\/logo\\\/image\\\/\"},\"sameAs\":[\"https:\\\/\\\/www.facebook.com\\\/NuevaAcropolisEspana\\\/\",\"https:\\\/\\\/www.instagram.com\\\/nuevaacropolisespana\\\/\",\"https:\\\/\\\/www.youtube.com\\\/c\\\/NuevaAcropolisEspaa\"]}]}<\/script>\n<!-- \/ Yoast SEO plugin. -->","yoast_head_json":{"title":"Caf\u00e8 filos\u00f2fic: La Bellesa com a rebel\u00b7lia - Nova Acr\u00f3pole Espa\u00f1a","robots":{"index":"index","follow":"follow","max-snippet":"max-snippet:-1","max-image-preview":"max-image-preview:large","max-video-preview":"max-video-preview:-1"},"canonical":"https:\/\/nueva-acropolis.es\/gl\/evento\/cafe-filosofic-la-bellesa-com-a-rebel\u00b7lia\/","og_locale":"gl_ES","og_type":"article","og_title":"Caf\u00e8 filos\u00f2fic: La Bellesa com a rebel\u00b7lia - Nova Acr\u00f3pole Espa\u00f1a","og_description":"En un m\u00f3n cada vegada m\u00e9s materialista i utilitarista, parlar de poesia, art i bellesa pot semblar in\u00fatil\u2026 o profundament revolucionari. \u201cLa bellesa salvar\u00e0 el m\u00f3n\u201d ~Dostoyevski Per\u00f2, i si [&hellip;]","og_url":"https:\/\/nueva-acropolis.es\/gl\/evento\/cafe-filosofic-la-bellesa-com-a-rebel\u00b7lia\/","og_site_name":"Nova Acr\u00f3pole Espa\u00f1a","article_publisher":"https:\/\/www.facebook.com\/NuevaAcropolisEspana\/","article_modified_time":"2025-04-30T10:46:22+00:00","og_image":[{"width":2160,"height":1080,"url":"https:\/\/nueva-acropolis.es\/wp-content\/uploads\/2025\/04\/103856_image.png","type":"image\/png"}],"twitter_card":"summary_large_image","twitter_misc":{"Tempo de lectura":"1 minuto"},"schema":{"@context":"https:\/\/schema.org","@graph":[{"@type":"WebPage","@id":"https:\/\/nueva-acropolis.es\/gl\/evento\/cafe-filosofic-la-bellesa-com-a-rebel%c2%b7lia\/","url":"https:\/\/nueva-acropolis.es\/gl\/evento\/cafe-filosofic-la-bellesa-com-a-rebel%c2%b7lia\/","name":"Caf\u00e8 filos\u00f2fic: La Bellesa com a rebel\u00b7lia - Nova Acr\u00f3pole Espa\u00f1a","isPartOf":{"@id":"https:\/\/nueva-acropolis.es\/gl\/#website"},"primaryImageOfPage":{"@id":"https:\/\/nueva-acropolis.es\/gl\/evento\/cafe-filosofic-la-bellesa-com-a-rebel%c2%b7lia\/#primaryimage"},"image":{"@id":"https:\/\/nueva-acropolis.es\/gl\/evento\/cafe-filosofic-la-bellesa-com-a-rebel%c2%b7lia\/#primaryimage"},"thumbnailUrl":"https:\/\/nueva-acropolis.es\/wp-content\/uploads\/2025\/04\/103856_image.png","datePublished":"2025-04-06T20:04:35+00:00","dateModified":"2025-04-30T10:46:22+00:00","breadcrumb":{"@id":"https:\/\/nueva-acropolis.es\/gl\/evento\/cafe-filosofic-la-bellesa-com-a-rebel%c2%b7lia\/#breadcrumb"},"inLanguage":"gl-ES","potentialAction":[{"@type":"ReadAction","target":["https:\/\/nueva-acropolis.es\/gl\/evento\/cafe-filosofic-la-bellesa-com-a-rebel%c2%b7lia\/"]}]},{"@type":"ImageObject","inLanguage":"gl-ES","@id":"https:\/\/nueva-acropolis.es\/gl\/evento\/cafe-filosofic-la-bellesa-com-a-rebel%c2%b7lia\/#primaryimage","url":"https:\/\/nueva-acropolis.es\/wp-content\/uploads\/2025\/04\/103856_image.png","contentUrl":"https:\/\/nueva-acropolis.es\/wp-content\/uploads\/2025\/04\/103856_image.png","width":2160,"height":1080},{"@type":"BreadcrumbList","@id":"https:\/\/nueva-acropolis.es\/gl\/evento\/cafe-filosofic-la-bellesa-com-a-rebel%c2%b7lia\/#breadcrumb","itemListElement":[{"@type":"ListItem","position":1,"name":"Portada","item":"https:\/\/nueva-acropolis.es\/gl\/comeza\/"},{"@type":"ListItem","position":2,"name":"Calendario","item":"https:\/\/nueva-acropolis.es\/eventos\/"},{"@type":"ListItem","position":3,"name":"Caf\u00e8 filos\u00f2fic: La Bellesa com a rebel\u00b7lia"}]},{"@type":"WebSite","@id":"https:\/\/nueva-acropolis.es\/gl\/#website","url":"https:\/\/nueva-acropolis.es\/gl\/","name":"Nueva Acr\u00f3polis Espa\u00f1a","description":"Organizaci\u00f3n Internacional de Filosofia, Cultura y Voluntariado","publisher":{"@id":"https:\/\/nueva-acropolis.es\/gl\/#organization"},"potentialAction":[{"@type":"SearchAction","target":{"@type":"EntryPoint","urlTemplate":"https:\/\/nueva-acropolis.es\/gl\/?s={search_term_string}"},"query-input":{"@type":"PropertyValueSpecification","valueRequired":true,"valueName":"search_term_string"}}],"inLanguage":"gl-ES"},{"@type":"Organization","@id":"https:\/\/nueva-acropolis.es\/gl\/#organization","name":"Nueva Acr\u00f3polis Espa\u00f1a","url":"https:\/\/nueva-acropolis.es\/gl\/","logo":{"@type":"ImageObject","inLanguage":"gl-ES","@id":"https:\/\/nueva-acropolis.es\/gl\/#\/schema\/logo\/image\/","url":"https:\/\/nueva-acropolis.es\/wp-content\/uploads\/2024\/07\/cropped-Logo-NA-cuadrado.png","contentUrl":"https:\/\/nueva-acropolis.es\/wp-content\/uploads\/2024\/07\/cropped-Logo-NA-cuadrado.png","width":512,"height":512,"caption":"Nueva Acr\u00f3polis Espa\u00f1a"},"image":{"@id":"https:\/\/nueva-acropolis.es\/gl\/#\/schema\/logo\/image\/"},"sameAs":["https:\/\/www.facebook.com\/NuevaAcropolisEspana\/","https:\/\/www.instagram.com\/nuevaacropolisespana\/","https:\/\/www.youtube.com\/c\/NuevaAcropolisEspaa"]}]}},"_links":{"self":[{"href":"https:\/\/nueva-acropolis.es\/gl\/wp-json\/wp\/v2\/tribe_events\/103856","targetHints":{"allow":["GET"]}}],"collection":[{"href":"https:\/\/nueva-acropolis.es\/gl\/wp-json\/wp\/v2\/tribe_events"}],"about":[{"href":"https:\/\/nueva-acropolis.es\/gl\/wp-json\/wp\/v2\/types\/tribe_events"}],"author":[{"embeddable":true,"href":"https:\/\/nueva-acropolis.es\/gl\/wp-json\/wp\/v2\/users\/35"}],"version-history":[{"count":0,"href":"https:\/\/nueva-acropolis.es\/gl\/wp-json\/wp\/v2\/tribe_events\/103856\/revisions"}],"wp:featuredmedia":[{"embeddable":true,"href":"https:\/\/nueva-acropolis.es\/gl\/wp-json\/wp\/v2\/media\/103857"}],"wp:attachment":[{"href":"https:\/\/nueva-acropolis.es\/gl\/wp-json\/wp\/v2\/media?parent=103856"}],"wp:term":[{"taxonomy":"post_tag","embeddable":true,"href":"https:\/\/nueva-acropolis.es\/gl\/wp-json\/wp\/v2\/tags?post=103856"},{"taxonomy":"tribe_events_cat","embeddable":true,"href":"https:\/\/nueva-acropolis.es\/gl\/wp-json\/wp\/v2\/tribe_events_cat?post=103856"}],"curies":[{"name":"wp","href":"https:\/\/api.w.org\/{rel}","templated":true}]}}