{"id":53587,"date":"2025-01-23T21:51:22","date_gmt":"2025-01-23T20:51:22","guid":{"rendered":"https:\/\/nueva-acropolis.es\/evento\/presentacion-del-curso-de-filosofia-para-vivir-2\/"},"modified":"2025-04-30T12:47:33","modified_gmt":"2025-04-30T10:47:33","slug":"presentacion-del-curso-de-filosofia-para-vivir-2","status":"publish","type":"tribe_events","link":"https:\/\/nueva-acropolis.es\/eu\/evento\/presentacion-del-curso-de-filosofia-para-vivir-2\/","title":{"rendered":"Presentaci\u00f3n del Curso de Filosof\u00eda para Vivir"},"content":{"rendered":"<div>Este curso busca transformar tu perspectiva de vida<\/div>\n<div style=\"margin-top: 20px\">\n<div style=\"margin: 20px 10px;font-size: 15px;line-height: 22px;font-weight: 400;text-align: left\">\n<p><strong><strong>A cargo de :Elvira Solano<\/strong><\/strong><\/p>\n<p><\/p>\n<p>Este curso re\u00fane el pensamiento de los fil\u00f3sofos m\u00e1s destacados de Oriente y Occidente, en especial de aquellos que dejaron profundas huellas en el sendero de la humanidad.<\/p>\n<p>Este estudio comparado de filosof\u00edas no pertenece a un \u00fanico pensador o a alguna escuela en particular: es un legado de la humanidad.<\/p>\n<p>Buscamos fomentar una filosof\u00eda para un ser humano constructor, especialmente constructor de s\u00ed mismo, ya que la vivencia pr\u00e1ctica de la filosof\u00eda nos vuelve m\u00e1s aut\u00e9nticos, m\u00e1s seguros de nosotros mismos y m\u00e1s felices.<\/p>\n<p>Este curso busca transformar tu perspectiva de vida.<\/p>\n<p><\/p>\n<p><strong><strong>ENTRADA LIBRE<\/strong><\/strong><\/p>\n<\/div>\n<\/div>\n","protected":false},"excerpt":{"rendered":"<p>Este curso busca transformar tu perspectiva de vida A cargo de :Elvira Solano Este curso re\u00fane el pensamiento de los fil\u00f3sofos m\u00e1s destacados de Oriente y Occidente, en especial de [&hellip;]<\/p>\n","protected":false},"author":22,"featured_media":53588,"template":"","meta":{"site-sidebar-layout":"default","site-content-layout":"","ast-site-content-layout":"default","site-content-style":"default","site-sidebar-style":"default","ast-global-header-display":"","ast-banner-title-visibility":"","ast-main-header-display":"","ast-hfb-above-header-display":"","ast-hfb-below-header-display":"","ast-hfb-mobile-header-display":"","site-post-title":"","ast-breadcrumbs-content":"","ast-featured-img":"","footer-sml-layout":"","ast-disable-related-posts":"","theme-transparent-header-meta":"","adv-header-id-meta":"","stick-header-meta":"","header-above-stick-meta":"","header-main-stick-meta":"","header-below-stick-meta":"","astra-migrate-meta-layouts":"default","ast-page-background-enabled":"default","ast-page-background-meta":{"desktop":{"background-color":"","background-image":"","background-repeat":"repeat","background-position":"center center","background-size":"auto","background-attachment":"scroll","background-type":"","background-media":"","overlay-type":"","overlay-color":"","overlay-opacity":"","overlay-gradient":""},"tablet":{"background-color":"","background-image":"","background-repeat":"repeat","background-position":"center center","background-size":"auto","background-attachment":"scroll","background-type":"","background-media":"","overlay-type":"","overlay-color":"","overlay-opacity":"","overlay-gradient":""},"mobile":{"background-color":"","background-image":"","background-repeat":"repeat","background-position":"center center","background-size":"auto","background-attachment":"scroll","background-type":"","background-media":"","overlay-type":"","overlay-color":"","overlay-opacity":"","overlay-gradient":""}},"ast-content-background-meta":{"desktop":{"background-color":"var(--ast-global-color-5)","background-image":"","background-repeat":"repeat","background-position":"center center","background-size":"auto","background-attachment":"scroll","background-type":"","background-media":"","overlay-type":"","overlay-color":"","overlay-opacity":"","overlay-gradient":""},"tablet":{"background-color":"var(--ast-global-color-5)","background-image":"","background-repeat":"repeat","background-position":"center center","background-size":"auto","background-attachment":"scroll","background-type":"","background-media":"","overlay-type":"","overlay-color":"","overlay-opacity":"","overlay-gradient":""},"mobile":{"background-color":"var(--ast-global-color-5)","background-image":"","background-repeat":"repeat","background-position":"center center","background-size":"auto","background-attachment":"scroll","background-type":"","background-media":"","overlay-type":"","overlay-color":"","overlay-opacity":"","overlay-gradient":""}},"_tribe_events_status":"","_tribe_events_status_reason":"","footnotes":""},"tags":[],"tribe_events_cat":[78],"class_list":["post-53587","tribe_events","type-tribe_events","status-publish","has-post-thumbnail","hentry","tribe_events_cat-alicante","cat_alicante"],"yoast_head":"<!-- This site is optimized with the Yoast SEO plugin v28.3 - https:\/\/yoast.com\/product\/yoast-seo-wordpress\/ -->\n<title>Presentaci\u00f3n del Curso de Filosof\u00eda para Vivir - Akropoli Berria Espainia<\/title>\n<meta name=\"robots\" content=\"index, follow, max-snippet:-1, max-image-preview:large, max-video-preview:-1\" \/>\n<link rel=\"canonical\" href=\"https:\/\/nueva-acropolis.es\/eu\/evento\/presentacion-del-curso-de-filosofia-para-vivir-2\/\" \/>\n<meta property=\"og:locale\" content=\"eu_ES\" \/>\n<meta property=\"og:type\" content=\"article\" \/>\n<meta property=\"og:title\" content=\"Presentaci\u00f3n del Curso de Filosof\u00eda para Vivir - Akropoli Berria Espainia\" \/>\n<meta property=\"og:description\" content=\"Este curso busca transformar tu perspectiva de vida A cargo de :Elvira Solano Este curso re\u00fane el pensamiento de los fil\u00f3sofos m\u00e1s destacados de Oriente y Occidente, en especial de [&hellip;]\" \/>\n<meta property=\"og:url\" content=\"https:\/\/nueva-acropolis.es\/eu\/evento\/presentacion-del-curso-de-filosofia-para-vivir-2\/\" \/>\n<meta property=\"og:site_name\" content=\"Akropoli Berria Espainia\" \/>\n<meta property=\"article:publisher\" content=\"https:\/\/www.facebook.com\/NuevaAcropolisEspana\/\" \/>\n<meta property=\"article:modified_time\" content=\"2025-04-30T10:47:33+00:00\" \/>\n<meta property=\"og:image\" content=\"https:\/\/nueva-acropolis.es\/wp-content\/uploads\/2025\/01\/53587_image.jpg\" \/>\n\t<meta property=\"og:image:width\" content=\"263\" \/>\n\t<meta property=\"og:image:height\" content=\"197\" \/>\n\t<meta property=\"og:image:type\" content=\"image\/jpeg\" \/>\n<meta name=\"twitter:card\" content=\"summary_large_image\" \/>\n<meta name=\"twitter:label1\" content=\"Est. reading time\" \/>\n\t<meta name=\"twitter:data1\" content=\"1 minute\" \/>\n<script type=\"application\/ld+json\" class=\"yoast-schema-graph\">{\"@context\":\"https:\\\/\\\/schema.org\",\"@graph\":[{\"@type\":\"WebPage\",\"@id\":\"https:\\\/\\\/nueva-acropolis.es\\\/eu\\\/evento\\\/presentacion-del-curso-de-filosofia-para-vivir-2\\\/\",\"url\":\"https:\\\/\\\/nueva-acropolis.es\\\/eu\\\/evento\\\/presentacion-del-curso-de-filosofia-para-vivir-2\\\/\",\"name\":\"Presentaci\u00f3n del Curso de Filosof\u00eda para Vivir - Akropoli Berria Espainia\",\"isPartOf\":{\"@id\":\"https:\\\/\\\/nueva-acropolis.es\\\/eu\\\/#website\"},\"primaryImageOfPage\":{\"@id\":\"https:\\\/\\\/nueva-acropolis.es\\\/eu\\\/evento\\\/presentacion-del-curso-de-filosofia-para-vivir-2\\\/#primaryimage\"},\"image\":{\"@id\":\"https:\\\/\\\/nueva-acropolis.es\\\/eu\\\/evento\\\/presentacion-del-curso-de-filosofia-para-vivir-2\\\/#primaryimage\"},\"thumbnailUrl\":\"https:\\\/\\\/nueva-acropolis.es\\\/wp-content\\\/uploads\\\/2025\\\/01\\\/53587_image.jpg\",\"datePublished\":\"2025-01-23T20:51:22+00:00\",\"dateModified\":\"2025-04-30T10:47:33+00:00\",\"breadcrumb\":{\"@id\":\"https:\\\/\\\/nueva-acropolis.es\\\/eu\\\/evento\\\/presentacion-del-curso-de-filosofia-para-vivir-2\\\/#breadcrumb\"},\"inLanguage\":\"eu-ES\",\"potentialAction\":[{\"@type\":\"ReadAction\",\"target\":[\"https:\\\/\\\/nueva-acropolis.es\\\/eu\\\/evento\\\/presentacion-del-curso-de-filosofia-para-vivir-2\\\/\"]}]},{\"@type\":\"ImageObject\",\"inLanguage\":\"eu-ES\",\"@id\":\"https:\\\/\\\/nueva-acropolis.es\\\/eu\\\/evento\\\/presentacion-del-curso-de-filosofia-para-vivir-2\\\/#primaryimage\",\"url\":\"https:\\\/\\\/nueva-acropolis.es\\\/wp-content\\\/uploads\\\/2025\\\/01\\\/53587_image.jpg\",\"contentUrl\":\"https:\\\/\\\/nueva-acropolis.es\\\/wp-content\\\/uploads\\\/2025\\\/01\\\/53587_image.jpg\",\"width\":263,\"height\":197},{\"@type\":\"BreadcrumbList\",\"@id\":\"https:\\\/\\\/nueva-acropolis.es\\\/eu\\\/evento\\\/presentacion-del-curso-de-filosofia-para-vivir-2\\\/#breadcrumb\",\"itemListElement\":[{\"@type\":\"ListItem\",\"position\":1,\"name\":\"Portada\",\"item\":\"https:\\\/\\\/nueva-acropolis.es\\\/eu\\\/\"},{\"@type\":\"ListItem\",\"position\":2,\"name\":\"Calendario\",\"item\":\"https:\\\/\\\/nueva-acropolis.es\\\/eventos\\\/\"},{\"@type\":\"ListItem\",\"position\":3,\"name\":\"Presentaci\u00f3n del Curso de Filosof\u00eda para Vivir\"}]},{\"@type\":\"WebSite\",\"@id\":\"https:\\\/\\\/nueva-acropolis.es\\\/eu\\\/#website\",\"url\":\"https:\\\/\\\/nueva-acropolis.es\\\/eu\\\/\",\"name\":\"Nueva Acr\u00f3polis Espa\u00f1a\",\"description\":\"Organizaci\u00f3n Internacional de Filosofia, Cultura y Voluntariado\",\"publisher\":{\"@id\":\"https:\\\/\\\/nueva-acropolis.es\\\/eu\\\/#organization\"},\"potentialAction\":[{\"@type\":\"SearchAction\",\"target\":{\"@type\":\"EntryPoint\",\"urlTemplate\":\"https:\\\/\\\/nueva-acropolis.es\\\/eu\\\/?s={search_term_string}\"},\"query-input\":{\"@type\":\"PropertyValueSpecification\",\"valueRequired\":true,\"valueName\":\"search_term_string\"}}],\"inLanguage\":\"eu-ES\"},{\"@type\":\"Organization\",\"@id\":\"https:\\\/\\\/nueva-acropolis.es\\\/eu\\\/#organization\",\"name\":\"Nueva Acr\u00f3polis Espa\u00f1a\",\"url\":\"https:\\\/\\\/nueva-acropolis.es\\\/eu\\\/\",\"logo\":{\"@type\":\"ImageObject\",\"inLanguage\":\"eu-ES\",\"@id\":\"https:\\\/\\\/nueva-acropolis.es\\\/eu\\\/#\\\/schema\\\/logo\\\/image\\\/\",\"url\":\"https:\\\/\\\/nueva-acropolis.es\\\/wp-content\\\/uploads\\\/2024\\\/07\\\/cropped-Logo-NA-cuadrado.png\",\"contentUrl\":\"https:\\\/\\\/nueva-acropolis.es\\\/wp-content\\\/uploads\\\/2024\\\/07\\\/cropped-Logo-NA-cuadrado.png\",\"width\":512,\"height\":512,\"caption\":\"Nueva Acr\u00f3polis Espa\u00f1a\"},\"image\":{\"@id\":\"https:\\\/\\\/nueva-acropolis.es\\\/eu\\\/#\\\/schema\\\/logo\\\/image\\\/\"},\"sameAs\":[\"https:\\\/\\\/www.facebook.com\\\/NuevaAcropolisEspana\\\/\",\"https:\\\/\\\/www.instagram.com\\\/nuevaacropolisespana\\\/\",\"https:\\\/\\\/www.youtube.com\\\/c\\\/NuevaAcropolisEspaa\"]}]}<\/script>\n<!-- \/ Yoast SEO plugin. -->","yoast_head_json":{"title":"Presentaci\u00f3n del Curso de Filosof\u00eda para Vivir - Akropoli Berria Espainia","robots":{"index":"index","follow":"follow","max-snippet":"max-snippet:-1","max-image-preview":"max-image-preview:large","max-video-preview":"max-video-preview:-1"},"canonical":"https:\/\/nueva-acropolis.es\/eu\/evento\/presentacion-del-curso-de-filosofia-para-vivir-2\/","og_locale":"eu_ES","og_type":"article","og_title":"Presentaci\u00f3n del Curso de Filosof\u00eda para Vivir - Akropoli Berria Espainia","og_description":"Este curso busca transformar tu perspectiva de vida A cargo de :Elvira Solano Este curso re\u00fane el pensamiento de los fil\u00f3sofos m\u00e1s destacados de Oriente y Occidente, en especial de [&hellip;]","og_url":"https:\/\/nueva-acropolis.es\/eu\/evento\/presentacion-del-curso-de-filosofia-para-vivir-2\/","og_site_name":"Akropoli Berria Espainia","article_publisher":"https:\/\/www.facebook.com\/NuevaAcropolisEspana\/","article_modified_time":"2025-04-30T10:47:33+00:00","og_image":[{"width":263,"height":197,"url":"https:\/\/nueva-acropolis.es\/wp-content\/uploads\/2025\/01\/53587_image.jpg","type":"image\/jpeg"}],"twitter_card":"summary_large_image","twitter_misc":{"Est. reading time":"1 minute"},"schema":{"@context":"https:\/\/schema.org","@graph":[{"@type":"WebPage","@id":"https:\/\/nueva-acropolis.es\/eu\/evento\/presentacion-del-curso-de-filosofia-para-vivir-2\/","url":"https:\/\/nueva-acropolis.es\/eu\/evento\/presentacion-del-curso-de-filosofia-para-vivir-2\/","name":"Presentaci\u00f3n del Curso de Filosof\u00eda para Vivir - Akropoli Berria Espainia","isPartOf":{"@id":"https:\/\/nueva-acropolis.es\/eu\/#website"},"primaryImageOfPage":{"@id":"https:\/\/nueva-acropolis.es\/eu\/evento\/presentacion-del-curso-de-filosofia-para-vivir-2\/#primaryimage"},"image":{"@id":"https:\/\/nueva-acropolis.es\/eu\/evento\/presentacion-del-curso-de-filosofia-para-vivir-2\/#primaryimage"},"thumbnailUrl":"https:\/\/nueva-acropolis.es\/wp-content\/uploads\/2025\/01\/53587_image.jpg","datePublished":"2025-01-23T20:51:22+00:00","dateModified":"2025-04-30T10:47:33+00:00","breadcrumb":{"@id":"https:\/\/nueva-acropolis.es\/eu\/evento\/presentacion-del-curso-de-filosofia-para-vivir-2\/#breadcrumb"},"inLanguage":"eu-ES","potentialAction":[{"@type":"ReadAction","target":["https:\/\/nueva-acropolis.es\/eu\/evento\/presentacion-del-curso-de-filosofia-para-vivir-2\/"]}]},{"@type":"ImageObject","inLanguage":"eu-ES","@id":"https:\/\/nueva-acropolis.es\/eu\/evento\/presentacion-del-curso-de-filosofia-para-vivir-2\/#primaryimage","url":"https:\/\/nueva-acropolis.es\/wp-content\/uploads\/2025\/01\/53587_image.jpg","contentUrl":"https:\/\/nueva-acropolis.es\/wp-content\/uploads\/2025\/01\/53587_image.jpg","width":263,"height":197},{"@type":"BreadcrumbList","@id":"https:\/\/nueva-acropolis.es\/eu\/evento\/presentacion-del-curso-de-filosofia-para-vivir-2\/#breadcrumb","itemListElement":[{"@type":"ListItem","position":1,"name":"Portada","item":"https:\/\/nueva-acropolis.es\/eu\/"},{"@type":"ListItem","position":2,"name":"Calendario","item":"https:\/\/nueva-acropolis.es\/eventos\/"},{"@type":"ListItem","position":3,"name":"Presentaci\u00f3n del Curso de Filosof\u00eda para Vivir"}]},{"@type":"WebSite","@id":"https:\/\/nueva-acropolis.es\/eu\/#website","url":"https:\/\/nueva-acropolis.es\/eu\/","name":"Nueva Acr\u00f3polis Espa\u00f1a","description":"Organizaci\u00f3n Internacional de Filosofia, Cultura y Voluntariado","publisher":{"@id":"https:\/\/nueva-acropolis.es\/eu\/#organization"},"potentialAction":[{"@type":"SearchAction","target":{"@type":"EntryPoint","urlTemplate":"https:\/\/nueva-acropolis.es\/eu\/?s={search_term_string}"},"query-input":{"@type":"PropertyValueSpecification","valueRequired":true,"valueName":"search_term_string"}}],"inLanguage":"eu-ES"},{"@type":"Organization","@id":"https:\/\/nueva-acropolis.es\/eu\/#organization","name":"Nueva Acr\u00f3polis Espa\u00f1a","url":"https:\/\/nueva-acropolis.es\/eu\/","logo":{"@type":"ImageObject","inLanguage":"eu-ES","@id":"https:\/\/nueva-acropolis.es\/eu\/#\/schema\/logo\/image\/","url":"https:\/\/nueva-acropolis.es\/wp-content\/uploads\/2024\/07\/cropped-Logo-NA-cuadrado.png","contentUrl":"https:\/\/nueva-acropolis.es\/wp-content\/uploads\/2024\/07\/cropped-Logo-NA-cuadrado.png","width":512,"height":512,"caption":"Nueva Acr\u00f3polis Espa\u00f1a"},"image":{"@id":"https:\/\/nueva-acropolis.es\/eu\/#\/schema\/logo\/image\/"},"sameAs":["https:\/\/www.facebook.com\/NuevaAcropolisEspana\/","https:\/\/www.instagram.com\/nuevaacropolisespana\/","https:\/\/www.youtube.com\/c\/NuevaAcropolisEspaa"]}]}},"_links":{"self":[{"href":"https:\/\/nueva-acropolis.es\/eu\/wp-json\/wp\/v2\/tribe_events\/53587","targetHints":{"allow":["GET"]}}],"collection":[{"href":"https:\/\/nueva-acropolis.es\/eu\/wp-json\/wp\/v2\/tribe_events"}],"about":[{"href":"https:\/\/nueva-acropolis.es\/eu\/wp-json\/wp\/v2\/types\/tribe_events"}],"author":[{"embeddable":true,"href":"https:\/\/nueva-acropolis.es\/eu\/wp-json\/wp\/v2\/users\/22"}],"version-history":[{"count":0,"href":"https:\/\/nueva-acropolis.es\/eu\/wp-json\/wp\/v2\/tribe_events\/53587\/revisions"}],"wp:featuredmedia":[{"embeddable":true,"href":"https:\/\/nueva-acropolis.es\/eu\/wp-json\/wp\/v2\/media\/53588"}],"wp:attachment":[{"href":"https:\/\/nueva-acropolis.es\/eu\/wp-json\/wp\/v2\/media?parent=53587"}],"wp:term":[{"taxonomy":"post_tag","embeddable":true,"href":"https:\/\/nueva-acropolis.es\/eu\/wp-json\/wp\/v2\/tags?post=53587"},{"taxonomy":"tribe_events_cat","embeddable":true,"href":"https:\/\/nueva-acropolis.es\/eu\/wp-json\/wp\/v2\/tribe_events_cat?post=53587"}],"curies":[{"name":"wp","href":"https:\/\/api.w.org\/{rel}","templated":true}]}}