{"id":13965,"date":"2024-11-03T11:58:56","date_gmt":"2024-11-03T10:58:56","guid":{"rendered":"https:\/\/nueva-acropolis.es\/event\/sobre-el-sentido-de-la-vida\/"},"modified":"2024-11-20T11:58:39","modified_gmt":"2024-11-20T10:58:39","slug":"sobre-el-sentido-de-la-vida","status":"publish","type":"tribe_events","link":"https:\/\/nueva-acropolis.es\/ca\/evento\/sobre-el-sentido-de-la-vida\/","title":{"rendered":"Sobre el sentido de la vida"},"content":{"rendered":"<div>Quiz\u00e1 la pregunta m\u00e1s constante en la historia de la humanidad sea acerca de si la vida tiene sentido y cu\u00e1l es ese sentido.<\/div>\n<div style=\"margin-top: 20px\">\n<div style=\"margin: 20px 10px;font-size: 15px;line-height: 22px;font-weight: 400;text-align: left\">\n<p>\u00bfTiene sentido la vida? y, si lo tiene, \u00bfhay forma de descubrirlo? Cuando nos enfrentamos a circunstancias adversas en las que no comprendemos las razones, tendemos a pensar que no las hay. En esta charla hablaremos de algunas concepciones filos\u00f3ficas de la antiguedad, que hoy todav\u00eda pueden orientarnos en la b\u00fasqueda del sentido general de la vida, y de la nuestra en particular.<\/p>\n<\/div>\n<div style=\"margin: 20px 10px;font-size: 15px;line-height: 22px;font-weight: 400;text-align: left\">\n<p><em><em>Esta actividad est\u00e1 enmarcada en la celebraci\u00f3n del D\u00eda Mundial de la Filosof\u00eda, proclamado por la UNESCO, al que cada a\u00f1o se suma la Escuela de Filosof\u00eda Nueva Acr\u00f3polis en todo el mundo. Este a\u00f1o estas actividades se realizan bajo el lema <\/em><\/em><em><strong><strong>Hacia la unidad por la diversidad.<\/strong><\/strong><\/em><\/p>\n<p><\/p>\n<p><\/p>\n<\/div>\n<div style=\"margin: 20px 10px;font-size: 15px;line-height: 22px;font-weight: 400;text-align: left\">\n<p>A cargo de Mar\u00eda Jes\u00fas Iglesias Alba. Trabajadora Social. Experta en Terapia Sist\u00e9mica-Relacional, Profesora de Espa\u00f1ol como Lengua Extranjera. Imparte cursos y talleres de aplicaci\u00f3n pr\u00e1ctica de la psicolog\u00eda de Carl G. Jung para la vida.<\/p>\n<\/div>\n<\/div>\n","protected":false},"excerpt":{"rendered":"<p>Quiz\u00e1 la pregunta m\u00e1s constante en la historia de la humanidad sea acerca de si la vida tiene sentido y cu\u00e1l es ese sentido. \u00bfTiene sentido la vida? y, si [&hellip;]<\/p>\n","protected":false},"author":38,"featured_media":13966,"template":"","meta":{"site-sidebar-layout":"default","site-content-layout":"","ast-site-content-layout":"default","site-content-style":"default","site-sidebar-style":"default","ast-global-header-display":"","ast-banner-title-visibility":"","ast-main-header-display":"","ast-hfb-above-header-display":"","ast-hfb-below-header-display":"","ast-hfb-mobile-header-display":"","site-post-title":"","ast-breadcrumbs-content":"","ast-featured-img":"","footer-sml-layout":"","ast-disable-related-posts":"","theme-transparent-header-meta":"","adv-header-id-meta":"","stick-header-meta":"","header-above-stick-meta":"","header-main-stick-meta":"","header-below-stick-meta":"","astra-migrate-meta-layouts":"default","ast-page-background-enabled":"default","ast-page-background-meta":{"desktop":{"background-color":"","background-image":"","background-repeat":"repeat","background-position":"center center","background-size":"auto","background-attachment":"scroll","background-type":"","background-media":"","overlay-type":"","overlay-color":"","overlay-opacity":"","overlay-gradient":""},"tablet":{"background-color":"","background-image":"","background-repeat":"repeat","background-position":"center center","background-size":"auto","background-attachment":"scroll","background-type":"","background-media":"","overlay-type":"","overlay-color":"","overlay-opacity":"","overlay-gradient":""},"mobile":{"background-color":"","background-image":"","background-repeat":"repeat","background-position":"center center","background-size":"auto","background-attachment":"scroll","background-type":"","background-media":"","overlay-type":"","overlay-color":"","overlay-opacity":"","overlay-gradient":""}},"ast-content-background-meta":{"desktop":{"background-color":"var(--ast-global-color-5)","background-image":"","background-repeat":"repeat","background-position":"center center","background-size":"auto","background-attachment":"scroll","background-type":"","background-media":"","overlay-type":"","overlay-color":"","overlay-opacity":"","overlay-gradient":""},"tablet":{"background-color":"var(--ast-global-color-5)","background-image":"","background-repeat":"repeat","background-position":"center center","background-size":"auto","background-attachment":"scroll","background-type":"","background-media":"","overlay-type":"","overlay-color":"","overlay-opacity":"","overlay-gradient":""},"mobile":{"background-color":"var(--ast-global-color-5)","background-image":"","background-repeat":"repeat","background-position":"center center","background-size":"auto","background-attachment":"scroll","background-type":"","background-media":"","overlay-type":"","overlay-color":"","overlay-opacity":"","overlay-gradient":""}},"_tribe_events_status":"","_tribe_events_status_reason":"","footnotes":""},"tags":[],"tribe_events_cat":[127],"class_list":["post-13965","tribe_events","type-tribe_events","status-publish","has-post-thumbnail","hentry","tribe_events_cat-madrid-sede-central","cat_madrid-sede-central"],"yoast_head":"<!-- This site is optimized with the Yoast SEO plugin v28.3 - https:\/\/yoast.com\/product\/yoast-seo-wordpress\/ -->\n<title>Sobre el sentido de la vida - Nova Acr\u00f2polis Espanya<\/title>\n<meta name=\"robots\" content=\"index, follow, max-snippet:-1, max-image-preview:large, max-video-preview:-1\" \/>\n<link rel=\"canonical\" href=\"https:\/\/nueva-acropolis.es\/ca\/evento\/sobre-el-sentido-de-la-vida\/\" \/>\n<meta property=\"og:locale\" content=\"ca_ES\" \/>\n<meta property=\"og:type\" content=\"article\" \/>\n<meta property=\"og:title\" content=\"Sobre el sentido de la vida - Nova Acr\u00f2polis Espanya\" \/>\n<meta property=\"og:description\" content=\"Quiz\u00e1 la pregunta m\u00e1s constante en la historia de la humanidad sea acerca de si la vida tiene sentido y cu\u00e1l es ese sentido. \u00bfTiene sentido la vida? y, si [&hellip;]\" \/>\n<meta property=\"og:url\" content=\"https:\/\/nueva-acropolis.es\/ca\/evento\/sobre-el-sentido-de-la-vida\/\" \/>\n<meta property=\"og:site_name\" content=\"Nova Acr\u00f2polis Espanya\" \/>\n<meta property=\"article:publisher\" content=\"https:\/\/www.facebook.com\/NuevaAcropolisEspana\/\" \/>\n<meta property=\"article:modified_time\" content=\"2024-11-20T10:58:39+00:00\" \/>\n<meta property=\"og:image\" content=\"https:\/\/nueva-acropolis.es\/wp-content\/uploads\/2024\/11\/13965_image.jpg\" \/>\n\t<meta property=\"og:image:width\" content=\"1200\" \/>\n\t<meta property=\"og:image:height\" content=\"628\" \/>\n\t<meta property=\"og:image:type\" content=\"image\/jpeg\" \/>\n<meta name=\"twitter:card\" content=\"summary_large_image\" \/>\n<meta name=\"twitter:label1\" content=\"Temps estimat de lectura\" \/>\n\t<meta name=\"twitter:data1\" content=\"1 minut\" \/>\n<script type=\"application\/ld+json\" class=\"yoast-schema-graph\">{\"@context\":\"https:\\\/\\\/schema.org\",\"@graph\":[{\"@type\":\"WebPage\",\"@id\":\"https:\\\/\\\/nueva-acropolis.es\\\/ca\\\/evento\\\/sobre-el-sentido-de-la-vida\\\/\",\"url\":\"https:\\\/\\\/nueva-acropolis.es\\\/ca\\\/evento\\\/sobre-el-sentido-de-la-vida\\\/\",\"name\":\"Sobre el sentido de la vida - Nova Acr\u00f2polis Espanya\",\"isPartOf\":{\"@id\":\"https:\\\/\\\/nueva-acropolis.es\\\/ca\\\/#website\"},\"primaryImageOfPage\":{\"@id\":\"https:\\\/\\\/nueva-acropolis.es\\\/ca\\\/evento\\\/sobre-el-sentido-de-la-vida\\\/#primaryimage\"},\"image\":{\"@id\":\"https:\\\/\\\/nueva-acropolis.es\\\/ca\\\/evento\\\/sobre-el-sentido-de-la-vida\\\/#primaryimage\"},\"thumbnailUrl\":\"https:\\\/\\\/nueva-acropolis.es\\\/wp-content\\\/uploads\\\/2024\\\/11\\\/13965_image.jpg\",\"datePublished\":\"2024-11-03T10:58:56+00:00\",\"dateModified\":\"2024-11-20T10:58:39+00:00\",\"breadcrumb\":{\"@id\":\"https:\\\/\\\/nueva-acropolis.es\\\/ca\\\/evento\\\/sobre-el-sentido-de-la-vida\\\/#breadcrumb\"},\"inLanguage\":\"ca\",\"potentialAction\":[{\"@type\":\"ReadAction\",\"target\":[\"https:\\\/\\\/nueva-acropolis.es\\\/ca\\\/evento\\\/sobre-el-sentido-de-la-vida\\\/\"]}]},{\"@type\":\"ImageObject\",\"inLanguage\":\"ca\",\"@id\":\"https:\\\/\\\/nueva-acropolis.es\\\/ca\\\/evento\\\/sobre-el-sentido-de-la-vida\\\/#primaryimage\",\"url\":\"https:\\\/\\\/nueva-acropolis.es\\\/wp-content\\\/uploads\\\/2024\\\/11\\\/13965_image.jpg\",\"contentUrl\":\"https:\\\/\\\/nueva-acropolis.es\\\/wp-content\\\/uploads\\\/2024\\\/11\\\/13965_image.jpg\",\"width\":1200,\"height\":628},{\"@type\":\"BreadcrumbList\",\"@id\":\"https:\\\/\\\/nueva-acropolis.es\\\/ca\\\/evento\\\/sobre-el-sentido-de-la-vida\\\/#breadcrumb\",\"itemListElement\":[{\"@type\":\"ListItem\",\"position\":1,\"name\":\"Portada\",\"item\":\"https:\\\/\\\/nueva-acropolis.es\\\/\"},{\"@type\":\"ListItem\",\"position\":2,\"name\":\"Calendario\",\"item\":\"https:\\\/\\\/nueva-acropolis.es\\\/eventos\\\/\"},{\"@type\":\"ListItem\",\"position\":3,\"name\":\"Sobre el sentido de la vida\"}]},{\"@type\":\"WebSite\",\"@id\":\"https:\\\/\\\/nueva-acropolis.es\\\/ca\\\/#website\",\"url\":\"https:\\\/\\\/nueva-acropolis.es\\\/ca\\\/\",\"name\":\"Nueva Acr\u00f3polis Espa\u00f1a\",\"description\":\"Organizaci\u00f3n Internacional de Filosofia, Cultura y Voluntariado\",\"publisher\":{\"@id\":\"https:\\\/\\\/nueva-acropolis.es\\\/ca\\\/#organization\"},\"potentialAction\":[{\"@type\":\"SearchAction\",\"target\":{\"@type\":\"EntryPoint\",\"urlTemplate\":\"https:\\\/\\\/nueva-acropolis.es\\\/ca\\\/?s={search_term_string}\"},\"query-input\":{\"@type\":\"PropertyValueSpecification\",\"valueRequired\":true,\"valueName\":\"search_term_string\"}}],\"inLanguage\":\"ca\"},{\"@type\":\"Organization\",\"@id\":\"https:\\\/\\\/nueva-acropolis.es\\\/ca\\\/#organization\",\"name\":\"Nueva Acr\u00f3polis Espa\u00f1a\",\"url\":\"https:\\\/\\\/nueva-acropolis.es\\\/ca\\\/\",\"logo\":{\"@type\":\"ImageObject\",\"inLanguage\":\"ca\",\"@id\":\"https:\\\/\\\/nueva-acropolis.es\\\/ca\\\/#\\\/schema\\\/logo\\\/image\\\/\",\"url\":\"https:\\\/\\\/nueva-acropolis.es\\\/wp-content\\\/uploads\\\/2024\\\/07\\\/cropped-Logo-NA-cuadrado.png\",\"contentUrl\":\"https:\\\/\\\/nueva-acropolis.es\\\/wp-content\\\/uploads\\\/2024\\\/07\\\/cropped-Logo-NA-cuadrado.png\",\"width\":512,\"height\":512,\"caption\":\"Nueva Acr\u00f3polis Espa\u00f1a\"},\"image\":{\"@id\":\"https:\\\/\\\/nueva-acropolis.es\\\/ca\\\/#\\\/schema\\\/logo\\\/image\\\/\"},\"sameAs\":[\"https:\\\/\\\/www.facebook.com\\\/NuevaAcropolisEspana\\\/\",\"https:\\\/\\\/www.instagram.com\\\/nuevaacropolisespana\\\/\",\"https:\\\/\\\/www.youtube.com\\\/c\\\/NuevaAcropolisEspaa\"]}]}<\/script>\n<!-- \/ Yoast SEO plugin. -->","yoast_head_json":{"title":"Sobre el sentido de la vida - Nova Acr\u00f2polis Espanya","robots":{"index":"index","follow":"follow","max-snippet":"max-snippet:-1","max-image-preview":"max-image-preview:large","max-video-preview":"max-video-preview:-1"},"canonical":"https:\/\/nueva-acropolis.es\/ca\/evento\/sobre-el-sentido-de-la-vida\/","og_locale":"ca_ES","og_type":"article","og_title":"Sobre el sentido de la vida - Nova Acr\u00f2polis Espanya","og_description":"Quiz\u00e1 la pregunta m\u00e1s constante en la historia de la humanidad sea acerca de si la vida tiene sentido y cu\u00e1l es ese sentido. \u00bfTiene sentido la vida? y, si [&hellip;]","og_url":"https:\/\/nueva-acropolis.es\/ca\/evento\/sobre-el-sentido-de-la-vida\/","og_site_name":"Nova Acr\u00f2polis Espanya","article_publisher":"https:\/\/www.facebook.com\/NuevaAcropolisEspana\/","article_modified_time":"2024-11-20T10:58:39+00:00","og_image":[{"width":1200,"height":628,"url":"https:\/\/nueva-acropolis.es\/wp-content\/uploads\/2024\/11\/13965_image.jpg","type":"image\/jpeg"}],"twitter_card":"summary_large_image","twitter_misc":{"Temps estimat de lectura":"1 minut"},"schema":{"@context":"https:\/\/schema.org","@graph":[{"@type":"WebPage","@id":"https:\/\/nueva-acropolis.es\/ca\/evento\/sobre-el-sentido-de-la-vida\/","url":"https:\/\/nueva-acropolis.es\/ca\/evento\/sobre-el-sentido-de-la-vida\/","name":"Sobre el sentido de la vida - Nova Acr\u00f2polis Espanya","isPartOf":{"@id":"https:\/\/nueva-acropolis.es\/ca\/#website"},"primaryImageOfPage":{"@id":"https:\/\/nueva-acropolis.es\/ca\/evento\/sobre-el-sentido-de-la-vida\/#primaryimage"},"image":{"@id":"https:\/\/nueva-acropolis.es\/ca\/evento\/sobre-el-sentido-de-la-vida\/#primaryimage"},"thumbnailUrl":"https:\/\/nueva-acropolis.es\/wp-content\/uploads\/2024\/11\/13965_image.jpg","datePublished":"2024-11-03T10:58:56+00:00","dateModified":"2024-11-20T10:58:39+00:00","breadcrumb":{"@id":"https:\/\/nueva-acropolis.es\/ca\/evento\/sobre-el-sentido-de-la-vida\/#breadcrumb"},"inLanguage":"ca","potentialAction":[{"@type":"ReadAction","target":["https:\/\/nueva-acropolis.es\/ca\/evento\/sobre-el-sentido-de-la-vida\/"]}]},{"@type":"ImageObject","inLanguage":"ca","@id":"https:\/\/nueva-acropolis.es\/ca\/evento\/sobre-el-sentido-de-la-vida\/#primaryimage","url":"https:\/\/nueva-acropolis.es\/wp-content\/uploads\/2024\/11\/13965_image.jpg","contentUrl":"https:\/\/nueva-acropolis.es\/wp-content\/uploads\/2024\/11\/13965_image.jpg","width":1200,"height":628},{"@type":"BreadcrumbList","@id":"https:\/\/nueva-acropolis.es\/ca\/evento\/sobre-el-sentido-de-la-vida\/#breadcrumb","itemListElement":[{"@type":"ListItem","position":1,"name":"Portada","item":"https:\/\/nueva-acropolis.es\/"},{"@type":"ListItem","position":2,"name":"Calendario","item":"https:\/\/nueva-acropolis.es\/eventos\/"},{"@type":"ListItem","position":3,"name":"Sobre el sentido de la vida"}]},{"@type":"WebSite","@id":"https:\/\/nueva-acropolis.es\/ca\/#website","url":"https:\/\/nueva-acropolis.es\/ca\/","name":"Nueva Acr\u00f3polis Espa\u00f1a","description":"Organizaci\u00f3n Internacional de Filosofia, Cultura y Voluntariado","publisher":{"@id":"https:\/\/nueva-acropolis.es\/ca\/#organization"},"potentialAction":[{"@type":"SearchAction","target":{"@type":"EntryPoint","urlTemplate":"https:\/\/nueva-acropolis.es\/ca\/?s={search_term_string}"},"query-input":{"@type":"PropertyValueSpecification","valueRequired":true,"valueName":"search_term_string"}}],"inLanguage":"ca"},{"@type":"Organization","@id":"https:\/\/nueva-acropolis.es\/ca\/#organization","name":"Nueva Acr\u00f3polis Espa\u00f1a","url":"https:\/\/nueva-acropolis.es\/ca\/","logo":{"@type":"ImageObject","inLanguage":"ca","@id":"https:\/\/nueva-acropolis.es\/ca\/#\/schema\/logo\/image\/","url":"https:\/\/nueva-acropolis.es\/wp-content\/uploads\/2024\/07\/cropped-Logo-NA-cuadrado.png","contentUrl":"https:\/\/nueva-acropolis.es\/wp-content\/uploads\/2024\/07\/cropped-Logo-NA-cuadrado.png","width":512,"height":512,"caption":"Nueva Acr\u00f3polis Espa\u00f1a"},"image":{"@id":"https:\/\/nueva-acropolis.es\/ca\/#\/schema\/logo\/image\/"},"sameAs":["https:\/\/www.facebook.com\/NuevaAcropolisEspana\/","https:\/\/www.instagram.com\/nuevaacropolisespana\/","https:\/\/www.youtube.com\/c\/NuevaAcropolisEspaa"]}]}},"_links":{"self":[{"href":"https:\/\/nueva-acropolis.es\/ca\/wp-json\/wp\/v2\/tribe_events\/13965","targetHints":{"allow":["GET"]}}],"collection":[{"href":"https:\/\/nueva-acropolis.es\/ca\/wp-json\/wp\/v2\/tribe_events"}],"about":[{"href":"https:\/\/nueva-acropolis.es\/ca\/wp-json\/wp\/v2\/types\/tribe_events"}],"author":[{"embeddable":true,"href":"https:\/\/nueva-acropolis.es\/ca\/wp-json\/wp\/v2\/users\/38"}],"version-history":[{"count":0,"href":"https:\/\/nueva-acropolis.es\/ca\/wp-json\/wp\/v2\/tribe_events\/13965\/revisions"}],"wp:featuredmedia":[{"embeddable":true,"href":"https:\/\/nueva-acropolis.es\/ca\/wp-json\/wp\/v2\/media\/13966"}],"wp:attachment":[{"href":"https:\/\/nueva-acropolis.es\/ca\/wp-json\/wp\/v2\/media?parent=13965"}],"wp:term":[{"taxonomy":"post_tag","embeddable":true,"href":"https:\/\/nueva-acropolis.es\/ca\/wp-json\/wp\/v2\/tags?post=13965"},{"taxonomy":"tribe_events_cat","embeddable":true,"href":"https:\/\/nueva-acropolis.es\/ca\/wp-json\/wp\/v2\/tribe_events_cat?post=13965"}],"curies":[{"name":"wp","href":"https:\/\/api.w.org\/{rel}","templated":true}]}}